{"version":"1.0","provider_name":"ES | Greenpeace Espa\u00f1a","provider_url":"https:\/\/es.greenpeace.org\/es","author_name":"Virginia Rabal","author_url":"https:\/\/es.greenpeace.org\/es\/noticias-autores\/virginiarabal\/","title":"Briefing para medios: Miner\u00eda submarina - ES | Greenpeace Espa\u00f1a","type":"rich","width":600,"height":338,"html":"<blockquote class=\"wp-embedded-content\" data-secret=\"OTjt9H6lxx\"><a href=\"https:\/\/es.greenpeace.org\/es\/sala-de-prensa\/documentos\/briefing-para-medios-mineria-submarina\/\">Briefing para medios: Miner\u00eda submarina<\/a><\/blockquote><iframe sandbox=\"allow-scripts\" security=\"restricted\" src=\"https:\/\/es.greenpeace.org\/es\/sala-de-prensa\/documentos\/briefing-para-medios-mineria-submarina\/embed\/#?secret=OTjt9H6lxx\" width=\"600\" height=\"338\" title=\"\u00abBriefing para medios: Miner\u00eda submarina\u00bb \u2014 ES | Greenpeace Espa\u00f1a\" data-secret=\"OTjt9H6lxx\" frameborder=\"0\" marginwidth=\"0\" marginheight=\"0\" scrolling=\"no\" class=\"wp-embedded-content\"><\/iframe><script type=\"text\/javascript\">\n\/* <![CDATA[ *\/\n\/*! This file is auto-generated *\/\n!function(d,l){\"use strict\";l.querySelector&&d.addEventListener&&\"undefined\"!=typeof URL&&(d.wp=d.wp||{},d.wp.receiveEmbedMessage||(d.wp.receiveEmbedMessage=function(e){var t=e.data;if((t||t.secret||t.message||t.value)&&!\/[^a-zA-Z0-9]\/.test(t.secret)){for(var s,r,n,a=l.querySelectorAll('iframe[data-secret=\"'+t.secret+'\"]'),o=l.querySelectorAll('blockquote[data-secret=\"'+t.secret+'\"]'),c=new RegExp(\"^https?:$\",\"i\"),i=0;i<o.length;i++)o[i].style.display=\"none\";for(i=0;i<a.length;i++)s=a[i],e.source===s.contentWindow&&(s.removeAttribute(\"style\"),\"height\"===t.message?(1e3<(r=parseInt(t.value,10))?r=1e3:~~r<200&&(r=200),s.height=r):\"link\"===t.message&&(r=new URL(s.getAttribute(\"src\")),n=new URL(t.value),c.test(n.protocol))&&n.host===r.host&&l.activeElement===s&&(d.top.location.href=t.value))}},d.addEventListener(\"message\",d.wp.receiveEmbedMessage,!1),l.addEventListener(\"DOMContentLoaded\",function(){for(var e,t,s=l.querySelectorAll(\"iframe.wp-embedded-content\"),r=0;r<s.length;r++)(t=(e=s[r]).getAttribute(\"data-secret\"))||(t=Math.random().toString(36).substring(2,12),e.src+=\"#?secret=\"+t,e.setAttribute(\"data-secret\",t)),e.contentWindow.postMessage({message:\"ready\",secret:t},\"*\")},!1)))}(window,document);\n\/\/# sourceURL=https:\/\/es.greenpeace.org\/es\/wp-includes\/js\/wp-embed.min.js\n\/* ]]> *\/\n<\/script>\n","thumbnail_url":"https:\/\/es.greenpeace.org\/es\/wp-content\/uploads\/sites\/3\/2023\/03\/StopDeepSeaMiningLogoEditableText.png","thumbnail_width":1080,"thumbnail_height":1080,"description":"D\u00eda Mundial de los Oc\u00e9anos (8 junio 2023) + Miner\u00eda submarina Con motivo del D\u00eda Mundial de los Oc\u00e9anos 2023, Greenpeace pone a disposici\u00f3n de los medios este briefing informativo. A\u00fan no hemos conseguido parar el inicio de la miner\u00eda submarina en aguas internacionales. Se trata de una industria emergente que intentan poner en marcha [&hellip;]"}