{"id":27172,"date":"2020-07-23T09:40:14","date_gmt":"2020-07-23T07:40:14","guid":{"rendered":"https:\/\/es.greenpeace.org\/es\/?page_id=27172"},"modified":"2021-08-12T14:51:46","modified_gmt":"2021-08-12T12:51:46","slug":"carta-de-la-direccion-greenpeace-2019","status":"publish","type":"page","link":"https:\/\/es.greenpeace.org\/es\/quienes-somos\/informes-anuales\/informe-anual-2019\/carta-de-la-direccion-greenpeace-2019\/","title":{"rendered":"Carta de la direcci\u00f3n"},"content":{"rendered":"<div>\n<p>Este 2019 ha sido un a\u00f1o complejo y de grandes cambios, que nos ha exigido una gran dosis de imaginaci\u00f3n y flexibilidad en nuestro trabajo. La situaci\u00f3n pol\u00edtica inestable se ha mezclado con un despertar social esperanzador, especialmente por parte de la juventud que ha tomado conciencia de la situaci\u00f3n de emergencia clim\u00e1tica y ha decidido liderar un movimiento para cambiar el modelo econ\u00f3mico, energ\u00e9tico, productivo y social actual. Este cambio ya est\u00e1 en marcha y, desde Greenpeace, nos sentimos orgullosas\/os de pertenecer a esta nueva corriente junto con nuestras\/os socias\/os, activistas, voluntarias\/os y trabajadoras\/es.<\/p>\n<p>Gracias a gente comprometida como t\u00fa, se han conseguido cosas como estas:<\/p>\n<ul>\n<li>La legislatura acab\u00f3 con una\u00a0<strong>declaraci\u00f3n de emergencia clim\u00e1tica aprobada en el Parlamento<\/strong>\u00a0por casi todos los grupos pol\u00edticos.<\/li>\n<li>Durante el a\u00f1o, supermercados y distribuidores respondieron a las demandas de asociaciones y de la ciudadan\u00eda\u00a0<strong>contra los pl\u00e1sticos\u00a0<\/strong>y se comprometieron a reducirlos a partir de 2025.<\/li>\n<li>Fuimos testigos de la mayor manifestaci\u00f3n por el clima jam\u00e1s realizada y participamos activamente en la\u00a0<strong>COP 25 en Madrid\u00a0<\/strong>para\u00a0<strong>exigir a los gobiernos cambios reales e inmediatos<\/strong>.<\/li>\n<li>Visualizamos la necesidad urgente de\u00a0<strong>proteger las aguas internacionales\u00a0<\/strong>con acciones en el mar de los Sargazos (dentro de la\u00a0<strong>Expedici\u00f3n de Polo a Polo<\/strong>\u00a0por la protecci\u00f3n de los oc\u00e9anos).<\/li>\n<li>El informe\u00a0<strong>\u2018A Toda Costa\u2019<\/strong>\u00a0que\u00a0<strong>evalu\u00f3 ecosistemas costeros y playas amenazadas<\/strong>, tuvo un gran impacto medi\u00e1tico y sus demandas fueron recogidas por tres administraciones locales.<\/li>\n<li><strong>Interpusimos un recurso contra la moratoria de \u201cMadrid Central\u201d\u00a0<\/strong>y nos movilizamos despu\u00e9s de que el nuevo gobierno del Ayuntamiento de Madrid intentara paralizarlo.<\/li>\n<li>Tambi\u00e9n fuimos part\u00edcipes de un cambio sustancial en el funcionamiento del sistema energ\u00e9tico y la percepci\u00f3n social hacia una\u00a0<strong>transici\u00f3n energ\u00e9tica m\u00e1s limpia y basada en el autoconsumo<\/strong>.\u00a0Junto con la Fundaci\u00f3n Finanzas \u00c9ticas, realizamos un an\u00e1lisis interno de sostenibilidad econ\u00f3mico-financiera, medioambiental y social de cada uno de los proyectos (basados en energ\u00eda renovable colaborativa) presentados, para asegurarnos de que todas las opciones fueran veraces.<\/li>\n<\/ul>\n<p>Aun as\u00ed, sin duda quedan muchos retos que afrontar durante 2020. Por ejemplo:<\/p>\n<ul>\n<li>Aunque se declar\u00f3 la emergencia clim\u00e1tica, la\u00a0<strong>Ley de Cambio Clim\u00e1tico y el Plan Nacional Integrado de Energ\u00eda y Clima<\/strong>\u00a0no ha sido aprobada a\u00fan y es imperante su puesta en marcha.<\/li>\n<li>Pese a que nuestras propuestas contra la deforestaci\u00f3n fueron recogidas por la Uni\u00f3n Europea, el debate sobre el\u00a0<strong>Plan Zero Deforestaci\u00f3n UE<\/strong>\u00a0se atras\u00f3 a 2020.<\/li>\n<li>Y aunque hemos conseguido algunas victorias en la transici\u00f3n hacia una energ\u00eda m\u00e1s sostenible y limpia, las grandes corporaciones siguen ejerciendo su poder sobre las decisiones en el\u00a0<strong>sistema energ\u00e9tico<\/strong>.<\/li>\n<li>Continuamos luchando por la inclusi\u00f3n de una\u00a0<strong>dieta m\u00e1s respetuosa con el medioambiente<\/strong>, exigiendo la inclusi\u00f3n de opciones vegetarianas en men\u00fas de las administraciones p\u00fablicas y que se contemplen cambios en la agricultura y ganader\u00eda en la\u00a0<strong>Ley de Cambio Clim\u00e1tico<\/strong>.<\/li>\n<li>Tambi\u00e9n seguiremos exigiendo la reforma de la\u00a0<strong>Ley de Secretos Oficiales<\/strong>, para incrementar la transparencia y acceso a la informaci\u00f3n que permita un control real y efectivo al Gobierno en materia de exportaci\u00f3n de armas.<\/li>\n<li><strong>Nos mantendremos firmes en la necesidad de derogar la Ley Mordaza.<\/strong>\u00a0La situaci\u00f3n pol\u00edtica hizo que el debate en el Congreso se interrumpiera, pero en Greenpeace seguimos incidiendo en el impacto negativo de esta ley en la\u00a0<strong>libertad de expresi\u00f3n democr\u00e1tica de personas y organizaciones<\/strong>.<\/li>\n<\/ul>\n<p>\u00bfY qu\u00e9 hay de la parte interna de Greenpeace?<\/p>\n<p>Este a\u00f1o tambi\u00e9n hemos fortalecido y consolidado herramientas y protocolos tan importantes como el\u00a0<strong>Thinking Lab (investigaci\u00f3n y an\u00e1lisis de datos)\u00a0<\/strong>con el que potenciar la transparencia y la cultura de datos abiertos y el\u00a0<strong>Climate Emergency Response<\/strong>, un proyecto piloto internacional para\u00a0<strong>dar respuesta a la crisis clim\u00e1tica<\/strong>\u00a0en el que hemos participado muy activamente. Todo ello ha permitido que tengamos cada a\u00f1o m\u00e1s peso e influencia social y pol\u00edtica.<\/p>\n<p>Potenciamos el\u00a0<strong>Plan de Igualdad<\/strong>\u00a0desde una perspectiva\u00a0<strong>ecofeminista<\/strong>. Se celebraron elecciones al Consejo de Greenpeace y, por primera vez en la historia, las socias y socios votaron una lista paritaria que ya se est\u00e1 trabajando. El\u00a0<strong>Grupo Violeta\u00a0<\/strong>del voluntariado sigui\u00f3 con su trabajo, con avances en el contenido de las campa\u00f1as y en el tratamiento igualitario de la comunicaci\u00f3n, as\u00ed como en la representatividad de mujeres expertas en los actos en los que participamos.<\/p>\n<\/div>\n<div class=\"container my-3\">\n<div class=\"row text-left\">\n<div class=\"col-4 col-md-4 d-flex pr-md-5 flex-column\">\n<div><div style=\"width: 382px;\" class=\"wp-video\"><video class=\"wp-video-shortcode\" id=\"video-27172-1\" width=\"382\" height=\"382\" loop autoplay preload=\"metadata\" controls=\"controls\"><source type=\"video\/mp4\" src=\"https:\/\/es.greenpeace.org\/es\/wp-content\/uploads\/sites\/3\/2021\/08\/campamento-voluntarios.mp4?_=1\" \/><a href=\"https:\/\/es.greenpeace.org\/es\/wp-content\/uploads\/sites\/3\/2021\/08\/campamento-voluntarios.mp4\">https:\/\/es.greenpeace.org\/es\/wp-content\/uploads\/sites\/3\/2021\/08\/campamento-voluntarios.mp4<\/a><\/video><\/div><\/div>\n<\/div>\n<div class=\"col-8 col-md-8 d-flex pl-md-5 flex-column\">\n<p>Tambi\u00e9n me gustar\u00eda destacar el cambio en las dos \u00e1reas f\u00edsicas donde Greenpeace realiza su trabajo:<\/p>\n<p>La apertura de una nueva oficina acorde y coherente con nuestros valores de sostenibilidad y nuestros objetivos. Abierta a la ciudadan\u00eda y como espacio habitable y de calidad para quienes pasan m\u00e1s tiempo en ella &#8211; trabajadoras y trabajadores &#8211; y quienes la frecuentan peri\u00f3dicamente, como voluntarios y voluntarias, junta, consejeras y consejeros.<\/p>\n<p>Y un nuevo centro de activismo, dise\u00f1ado acorde con las necesidades presentes y futuras que requiere una organizaci\u00f3n medioambiental como Greenpeace, donde el activismo y la acci\u00f3n directa no violenta son una se\u00f1a de identidad y una de nuestras herramientas distintivas y m\u00e1s potentes.<br \/>\nPara terminar, no puede faltar el reconocimiento a las socias y los socios y todas las personas que, con su esfuerzo, hacen posible el trabajo de Greenpeace y las victorias en materia de protecci\u00f3n del medio ambiente y de la paz.\n<\/p><\/div>\n<\/div>\n<\/div>\n<div>\n<p>Esto no ha terminado, y <strong>en Greenpeace seguimos luchando por un cambio justo y real, y lo lograremos gracias al compromiso y el impulso de todas las personas que lo hac\u00e9is posible \u2026 \u00a1GRACIAS!<\/strong><\/p>\n<p style=\"text-align: right;\"><strong>El Consejo, la Junta Directiva y el director ejecutivo de Greenpeace Espa\u00f1a<\/strong><\/p>\n<\/div>\n","protected":false},"excerpt":{"rendered":"<p>Este 2019 ha sido un a\u00f1o complejo y de grandes cambios, que nos ha exigido una gran dosis de imaginaci\u00f3n y flexibilidad en nuestro trabajo. La situaci\u00f3n pol\u00edtica inestable se ha mezclado con un despertar social esperanzador, especialmente por parte de la juventud que ha tomado conciencia de la situaci\u00f3n de emergencia clim\u00e1tica y ha [&hellip;]<\/p>\n","protected":false},"author":68,"featured_media":27199,"parent":27173,"menu_order":0,"comment_status":"closed","ping_status":"closed","template":"template-generic-acf.php","meta":{"_acf_changed":false,"footnotes":""},"categories":[4],"tags":[],"class_list":["post-27172","page","type-page","status-publish","has-post-thumbnail","hentry","category-general"],"acf":[],"yoast_head":"<!-- This site is optimized with the Yoast SEO plugin v27.1.1 - https:\/\/yoast.com\/product\/yoast-seo-wordpress\/ -->\n<title>Carta de la direcci\u00f3n - ES | Greenpeace Espa\u00f1a<\/title>\n<meta name=\"robots\" content=\"index, follow, max-snippet:-1, max-image-preview:large, max-video-preview:-1\" \/>\n<link rel=\"canonical\" href=\"https:\/\/es.greenpeace.org\/es\/quienes-somos\/informes-anuales\/informe-anual-2019\/carta-de-la-direccion-greenpeace-2019\/\" \/>\n<meta property=\"og:locale\" content=\"es_ES\" \/>\n<meta property=\"og:type\" content=\"article\" \/>\n<meta property=\"og:title\" content=\"Carta de la direcci\u00f3n - ES | Greenpeace Espa\u00f1a\" \/>\n<meta property=\"og:description\" content=\"Este 2019 ha sido un a\u00f1o complejo y de grandes cambios, que nos ha exigido una gran dosis de imaginaci\u00f3n y flexibilidad en nuestro trabajo. La situaci\u00f3n pol\u00edtica inestable se ha mezclado con un despertar social esperanzador, especialmente por parte de la juventud que ha tomado conciencia de la situaci\u00f3n de emergencia clim\u00e1tica y ha [&hellip;]\" \/>\n<meta property=\"og:url\" content=\"https:\/\/es.greenpeace.org\/es\/quienes-somos\/informes-anuales\/informe-anual-2019\/carta-de-la-direccion-greenpeace-2019\/\" \/>\n<meta property=\"og:site_name\" content=\"ES | Greenpeace Espa\u00f1a\" \/>\n<meta property=\"article:publisher\" content=\"https:\/\/www.facebook.com\/greenpeace.spain\" \/>\n<meta property=\"article:modified_time\" content=\"2021-08-12T12:51:46+00:00\" \/>\n<meta property=\"og:image\" content=\"https:\/\/es.greenpeace.org\/es\/wp-content\/uploads\/sites\/3\/2020\/07\/trabajo-greenpeace-2019.png\" \/>\n\t<meta property=\"og:image:width\" content=\"1500\" \/>\n\t<meta property=\"og:image:height\" content=\"1000\" \/>\n\t<meta property=\"og:image:type\" content=\"image\/png\" \/>\n<meta name=\"twitter:card\" content=\"summary_large_image\" \/>\n<meta name=\"twitter:site\" content=\"@greenpeace_esp\" \/>\n<meta name=\"twitter:label1\" content=\"Tiempo de lectura\" \/>\n\t<meta name=\"twitter:data1\" content=\"5 minutos\" \/>\n<script type=\"application\/ld+json\" class=\"yoast-schema-graph\">{\"@context\":\"https:\/\/schema.org\",\"@graph\":[{\"@type\":\"WebPage\",\"@id\":\"https:\/\/es.greenpeace.org\/es\/quienes-somos\/informes-anuales\/informe-anual-2019\/carta-de-la-direccion-greenpeace-2019\/\",\"url\":\"https:\/\/es.greenpeace.org\/es\/quienes-somos\/informes-anuales\/informe-anual-2019\/carta-de-la-direccion-greenpeace-2019\/\",\"name\":\"Carta de la direcci\u00f3n - ES | Greenpeace Espa\u00f1a\",\"isPartOf\":{\"@id\":\"https:\/\/es.greenpeace.org\/es\/#website\"},\"primaryImageOfPage\":{\"@id\":\"https:\/\/es.greenpeace.org\/es\/quienes-somos\/informes-anuales\/informe-anual-2019\/carta-de-la-direccion-greenpeace-2019\/#primaryimage\"},\"image\":{\"@id\":\"https:\/\/es.greenpeace.org\/es\/quienes-somos\/informes-anuales\/informe-anual-2019\/carta-de-la-direccion-greenpeace-2019\/#primaryimage\"},\"thumbnailUrl\":\"https:\/\/es.greenpeace.org\/es\/wp-content\/uploads\/sites\/3\/2020\/07\/trabajo-greenpeace-2019.png\",\"datePublished\":\"2020-07-23T07:40:14+00:00\",\"dateModified\":\"2021-08-12T12:51:46+00:00\",\"breadcrumb\":{\"@id\":\"https:\/\/es.greenpeace.org\/es\/quienes-somos\/informes-anuales\/informe-anual-2019\/carta-de-la-direccion-greenpeace-2019\/#breadcrumb\"},\"inLanguage\":\"es\",\"potentialAction\":[{\"@type\":\"ReadAction\",\"target\":[\"https:\/\/es.greenpeace.org\/es\/quienes-somos\/informes-anuales\/informe-anual-2019\/carta-de-la-direccion-greenpeace-2019\/\"]}]},{\"@type\":\"ImageObject\",\"inLanguage\":\"es\",\"@id\":\"https:\/\/es.greenpeace.org\/es\/quienes-somos\/informes-anuales\/informe-anual-2019\/carta-de-la-direccion-greenpeace-2019\/#primaryimage\",\"url\":\"https:\/\/es.greenpeace.org\/es\/wp-content\/uploads\/sites\/3\/2020\/07\/trabajo-greenpeace-2019.png\",\"contentUrl\":\"https:\/\/es.greenpeace.org\/es\/wp-content\/uploads\/sites\/3\/2020\/07\/trabajo-greenpeace-2019.png\",\"width\":1500,\"height\":1000,\"caption\":\"oficina trabajo greenpeace 2019\"},{\"@type\":\"BreadcrumbList\",\"@id\":\"https:\/\/es.greenpeace.org\/es\/quienes-somos\/informes-anuales\/informe-anual-2019\/carta-de-la-direccion-greenpeace-2019\/#breadcrumb\",\"itemListElement\":[{\"@type\":\"ListItem\",\"position\":1,\"name\":\"Home\",\"item\":\"https:\/\/es.greenpeace.org\/es\/\"},{\"@type\":\"ListItem\",\"position\":2,\"name\":\"Qui\u00e9nes somos\",\"item\":\"https:\/\/es.greenpeace.org\/es\/quienes-somos\/\"},{\"@type\":\"ListItem\",\"position\":3,\"name\":\"Informes anuales\",\"item\":\"https:\/\/es.greenpeace.org\/es\/quienes-somos\/informes-anuales\/\"},{\"@type\":\"ListItem\",\"position\":4,\"name\":\"Informe anual 2019\",\"item\":\"https:\/\/es.greenpeace.org\/es\/quienes-somos\/informes-anuales\/informe-anual-2019\/\"},{\"@type\":\"ListItem\",\"position\":5,\"name\":\"Carta de la direcci\u00f3n\"}]},{\"@type\":\"WebSite\",\"@id\":\"https:\/\/es.greenpeace.org\/es\/#website\",\"url\":\"https:\/\/es.greenpeace.org\/es\/\",\"name\":\"Greenpeace Espa\u00f1a\",\"description\":\"\",\"publisher\":{\"@id\":\"https:\/\/es.greenpeace.org\/es\/#organization\"},\"potentialAction\":[{\"@type\":\"SearchAction\",\"target\":{\"@type\":\"EntryPoint\",\"urlTemplate\":\"https:\/\/es.greenpeace.org\/es\/?s={search_term_string}\"},\"query-input\":{\"@type\":\"PropertyValueSpecification\",\"valueRequired\":true,\"valueName\":\"search_term_string\"}}],\"inLanguage\":\"es\"},{\"@type\":\"Organization\",\"@id\":\"https:\/\/es.greenpeace.org\/es\/#organization\",\"name\":\"Greenpeace Espa\u00f1a\",\"alternateName\":\"Greenpeace\",\"url\":\"https:\/\/es.greenpeace.org\/es\/\",\"logo\":{\"@type\":\"ImageObject\",\"inLanguage\":\"es\",\"@id\":\"https:\/\/es.greenpeace.org\/es\/#\/schema\/logo\/image\/\",\"url\":\"https:\/\/es.greenpeace.org\/es\/wp-content\/uploads\/sites\/3\/2024\/07\/greenpeace-logo-verde.svg\",\"contentUrl\":\"https:\/\/es.greenpeace.org\/es\/wp-content\/uploads\/sites\/3\/2024\/07\/greenpeace-logo-verde.svg\",\"width\":1,\"height\":1,\"caption\":\"Greenpeace Espa\u00f1a\"},\"image\":{\"@id\":\"https:\/\/es.greenpeace.org\/es\/#\/schema\/logo\/image\/\"},\"sameAs\":[\"https:\/\/www.facebook.com\/greenpeace.spain\",\"https:\/\/x.com\/greenpeace_esp\",\"https:\/\/www.instagram.com\/greenpeace_esp\/\"]}]}<\/script>\n<!-- \/ Yoast SEO plugin. -->","yoast_head_json":{"title":"Carta de la direcci\u00f3n - ES | Greenpeace Espa\u00f1a","robots":{"index":"index","follow":"follow","max-snippet":"max-snippet:-1","max-image-preview":"max-image-preview:large","max-video-preview":"max-video-preview:-1"},"canonical":"https:\/\/es.greenpeace.org\/es\/quienes-somos\/informes-anuales\/informe-anual-2019\/carta-de-la-direccion-greenpeace-2019\/","og_locale":"es_ES","og_type":"article","og_title":"Carta de la direcci\u00f3n - ES | Greenpeace Espa\u00f1a","og_description":"Este 2019 ha sido un a\u00f1o complejo y de grandes cambios, que nos ha exigido una gran dosis de imaginaci\u00f3n y flexibilidad en nuestro trabajo. La situaci\u00f3n pol\u00edtica inestable se ha mezclado con un despertar social esperanzador, especialmente por parte de la juventud que ha tomado conciencia de la situaci\u00f3n de emergencia clim\u00e1tica y ha [&hellip;]","og_url":"https:\/\/es.greenpeace.org\/es\/quienes-somos\/informes-anuales\/informe-anual-2019\/carta-de-la-direccion-greenpeace-2019\/","og_site_name":"ES | Greenpeace Espa\u00f1a","article_publisher":"https:\/\/www.facebook.com\/greenpeace.spain","article_modified_time":"2021-08-12T12:51:46+00:00","og_image":[{"url":"https:\/\/es.greenpeace.org\/es\/wp-content\/uploads\/sites\/3\/2020\/07\/trabajo-greenpeace-2019.png","width":1500,"height":1000,"type":"image\/png"}],"twitter_card":"summary_large_image","twitter_site":"@greenpeace_esp","twitter_misc":{"Tiempo de lectura":"5 minutos"},"schema":{"@context":"https:\/\/schema.org","@graph":[{"@type":"WebPage","@id":"https:\/\/es.greenpeace.org\/es\/quienes-somos\/informes-anuales\/informe-anual-2019\/carta-de-la-direccion-greenpeace-2019\/","url":"https:\/\/es.greenpeace.org\/es\/quienes-somos\/informes-anuales\/informe-anual-2019\/carta-de-la-direccion-greenpeace-2019\/","name":"Carta de la direcci\u00f3n - ES | Greenpeace Espa\u00f1a","isPartOf":{"@id":"https:\/\/es.greenpeace.org\/es\/#website"},"primaryImageOfPage":{"@id":"https:\/\/es.greenpeace.org\/es\/quienes-somos\/informes-anuales\/informe-anual-2019\/carta-de-la-direccion-greenpeace-2019\/#primaryimage"},"image":{"@id":"https:\/\/es.greenpeace.org\/es\/quienes-somos\/informes-anuales\/informe-anual-2019\/carta-de-la-direccion-greenpeace-2019\/#primaryimage"},"thumbnailUrl":"https:\/\/es.greenpeace.org\/es\/wp-content\/uploads\/sites\/3\/2020\/07\/trabajo-greenpeace-2019.png","datePublished":"2020-07-23T07:40:14+00:00","dateModified":"2021-08-12T12:51:46+00:00","breadcrumb":{"@id":"https:\/\/es.greenpeace.org\/es\/quienes-somos\/informes-anuales\/informe-anual-2019\/carta-de-la-direccion-greenpeace-2019\/#breadcrumb"},"inLanguage":"es","potentialAction":[{"@type":"ReadAction","target":["https:\/\/es.greenpeace.org\/es\/quienes-somos\/informes-anuales\/informe-anual-2019\/carta-de-la-direccion-greenpeace-2019\/"]}]},{"@type":"ImageObject","inLanguage":"es","@id":"https:\/\/es.greenpeace.org\/es\/quienes-somos\/informes-anuales\/informe-anual-2019\/carta-de-la-direccion-greenpeace-2019\/#primaryimage","url":"https:\/\/es.greenpeace.org\/es\/wp-content\/uploads\/sites\/3\/2020\/07\/trabajo-greenpeace-2019.png","contentUrl":"https:\/\/es.greenpeace.org\/es\/wp-content\/uploads\/sites\/3\/2020\/07\/trabajo-greenpeace-2019.png","width":1500,"height":1000,"caption":"oficina trabajo greenpeace 2019"},{"@type":"BreadcrumbList","@id":"https:\/\/es.greenpeace.org\/es\/quienes-somos\/informes-anuales\/informe-anual-2019\/carta-de-la-direccion-greenpeace-2019\/#breadcrumb","itemListElement":[{"@type":"ListItem","position":1,"name":"Home","item":"https:\/\/es.greenpeace.org\/es\/"},{"@type":"ListItem","position":2,"name":"Qui\u00e9nes somos","item":"https:\/\/es.greenpeace.org\/es\/quienes-somos\/"},{"@type":"ListItem","position":3,"name":"Informes anuales","item":"https:\/\/es.greenpeace.org\/es\/quienes-somos\/informes-anuales\/"},{"@type":"ListItem","position":4,"name":"Informe anual 2019","item":"https:\/\/es.greenpeace.org\/es\/quienes-somos\/informes-anuales\/informe-anual-2019\/"},{"@type":"ListItem","position":5,"name":"Carta de la direcci\u00f3n"}]},{"@type":"WebSite","@id":"https:\/\/es.greenpeace.org\/es\/#website","url":"https:\/\/es.greenpeace.org\/es\/","name":"Greenpeace Espa\u00f1a","description":"","publisher":{"@id":"https:\/\/es.greenpeace.org\/es\/#organization"},"potentialAction":[{"@type":"SearchAction","target":{"@type":"EntryPoint","urlTemplate":"https:\/\/es.greenpeace.org\/es\/?s={search_term_string}"},"query-input":{"@type":"PropertyValueSpecification","valueRequired":true,"valueName":"search_term_string"}}],"inLanguage":"es"},{"@type":"Organization","@id":"https:\/\/es.greenpeace.org\/es\/#organization","name":"Greenpeace Espa\u00f1a","alternateName":"Greenpeace","url":"https:\/\/es.greenpeace.org\/es\/","logo":{"@type":"ImageObject","inLanguage":"es","@id":"https:\/\/es.greenpeace.org\/es\/#\/schema\/logo\/image\/","url":"https:\/\/es.greenpeace.org\/es\/wp-content\/uploads\/sites\/3\/2024\/07\/greenpeace-logo-verde.svg","contentUrl":"https:\/\/es.greenpeace.org\/es\/wp-content\/uploads\/sites\/3\/2024\/07\/greenpeace-logo-verde.svg","width":1,"height":1,"caption":"Greenpeace Espa\u00f1a"},"image":{"@id":"https:\/\/es.greenpeace.org\/es\/#\/schema\/logo\/image\/"},"sameAs":["https:\/\/www.facebook.com\/greenpeace.spain","https:\/\/x.com\/greenpeace_esp","https:\/\/www.instagram.com\/greenpeace_esp\/"]}]}},"_links":{"self":[{"href":"https:\/\/es.greenpeace.org\/es\/wp-json\/wp\/v2\/pages\/27172","targetHints":{"allow":["GET"]}}],"collection":[{"href":"https:\/\/es.greenpeace.org\/es\/wp-json\/wp\/v2\/pages"}],"about":[{"href":"https:\/\/es.greenpeace.org\/es\/wp-json\/wp\/v2\/types\/page"}],"author":[{"embeddable":true,"href":"https:\/\/es.greenpeace.org\/es\/wp-json\/wp\/v2\/users\/68"}],"replies":[{"embeddable":true,"href":"https:\/\/es.greenpeace.org\/es\/wp-json\/wp\/v2\/comments?post=27172"}],"version-history":[{"count":10,"href":"https:\/\/es.greenpeace.org\/es\/wp-json\/wp\/v2\/pages\/27172\/revisions"}],"predecessor-version":[{"id":36035,"href":"https:\/\/es.greenpeace.org\/es\/wp-json\/wp\/v2\/pages\/27172\/revisions\/36035"}],"up":[{"embeddable":true,"href":"https:\/\/es.greenpeace.org\/es\/wp-json\/wp\/v2\/pages\/27173"}],"wp:featuredmedia":[{"embeddable":true,"href":"https:\/\/es.greenpeace.org\/es\/wp-json\/wp\/v2\/media\/27199"}],"wp:attachment":[{"href":"https:\/\/es.greenpeace.org\/es\/wp-json\/wp\/v2\/media?parent=27172"}],"wp:term":[{"taxonomy":"category","embeddable":true,"href":"https:\/\/es.greenpeace.org\/es\/wp-json\/wp\/v2\/categories?post=27172"},{"taxonomy":"post_tag","embeddable":true,"href":"https:\/\/es.greenpeace.org\/es\/wp-json\/wp\/v2\/tags?post=27172"}],"curies":[{"name":"wp","href":"https:\/\/api.w.org\/{rel}","templated":true}]}}