{"id":27278,"date":"2020-07-23T10:43:24","date_gmt":"2020-07-23T08:43:24","guid":{"rendered":"https:\/\/es.greenpeace.org\/es\/?page_id=27278"},"modified":"2020-07-30T11:08:13","modified_gmt":"2020-07-30T09:08:13","slug":"lucha-contra-el-cambio-climatico","status":"publish","type":"page","link":"https:\/\/es.greenpeace.org\/es\/quienes-somos\/informes-anuales\/informe-anual-2019\/lucha-contra-el-cambio-climatico\/","title":{"rendered":"Lucha contra el cambio clim\u00e1tico: revoluci\u00f3n ciudadana y transici\u00f3n justa"},"content":{"rendered":"<h4>En 2019 la <strong>crisis clim\u00e1tica <\/strong>alcanz\u00f3 cotas preocupantes, y la poblaci\u00f3n mundial se moviliz\u00f3 para exigir a Estados y empresas una <strong>transici\u00f3n energ\u00e9tica justa<\/strong> de manera inmediata.<\/h4>\n<p>Gracias a ello, conseguimos que la crisis clim\u00e1tica ocupara un papel preeminente en la agenda pol\u00edtica, y que la legislatura acabara con <strong>una declaraci\u00f3n de emergencia clim\u00e1tica aprobada en el Parlamento por casi todos los grupos pol\u00edticos<\/strong>. Pero todav\u00eda nos queda camino por recorrer, ya que la <strong>Ley de Cambio Clim\u00e1tico<\/strong> y el <strong>Plan Nacional Integrado de Energ\u00eda y Clima<\/strong> a\u00fan no han sido aprobados.<\/p>\n<p>Y en un a\u00f1o tan importante para nuestro planeta y para el cambio clim\u00e1tico, pusimos todos nuestros esfuerzos en demandar medidas con las que<strong> conseguir un cambio real, <\/strong>que est\u00e9 en consonancia con el <strong>nuevo paradigma social y medioambiental<\/strong>. Por ello nos movilizamos realizando<strong>\u00a0acciones con nuestras\/os activistas,\u00a0elaborando informes y\u00a0moviliz\u00e1ndonos con\u00a0nuestras\/os voluntarias\/os <\/strong>en todo el territorio espa\u00f1ol.<\/p>\n","protected":false},"excerpt":{"rendered":"<p>En 2019 la crisis clim\u00e1tica alcanz\u00f3 cotas preocupantes, y la poblaci\u00f3n mundial se moviliz\u00f3 para exigir a Estados y empresas una transici\u00f3n energ\u00e9tica justa de manera inmediata. Gracias a ello, conseguimos que la crisis clim\u00e1tica ocupara un papel preeminente en la agenda pol\u00edtica, y que la legislatura acabara con una declaraci\u00f3n de emergencia clim\u00e1tica aprobada [&hellip;]<\/p>\n","protected":false},"author":68,"featured_media":20141,"parent":27173,"menu_order":0,"comment_status":"closed","ping_status":"closed","template":"template-generic-acf.php","meta":{"_acf_changed":false,"footnotes":""},"categories":[35],"tags":[],"class_list":["post-27278","page","type-page","status-publish","has-post-thumbnail","hentry","category-cambio-climatico"],"acf":[],"yoast_head":"<!-- This site is optimized with the Yoast SEO plugin v27.1.1 - https:\/\/yoast.com\/product\/yoast-seo-wordpress\/ -->\n<title>Lucha contra el cambio clim\u00e1tico: revoluci\u00f3n ciudadana y transici\u00f3n justa - ES | Greenpeace Espa\u00f1a<\/title>\n<meta name=\"robots\" content=\"index, follow, max-snippet:-1, max-image-preview:large, max-video-preview:-1\" \/>\n<link rel=\"canonical\" href=\"https:\/\/es.greenpeace.org\/es\/quienes-somos\/informes-anuales\/informe-anual-2019\/lucha-contra-el-cambio-climatico\/\" \/>\n<meta property=\"og:locale\" content=\"es_ES\" \/>\n<meta property=\"og:type\" content=\"article\" \/>\n<meta property=\"og:title\" content=\"Lucha contra el cambio clim\u00e1tico: revoluci\u00f3n ciudadana y transici\u00f3n justa - ES | Greenpeace Espa\u00f1a\" \/>\n<meta property=\"og:description\" content=\"En 2019 la crisis clim\u00e1tica alcanz\u00f3 cotas preocupantes, y la poblaci\u00f3n mundial se moviliz\u00f3 para exigir a Estados y empresas una transici\u00f3n energ\u00e9tica justa de manera inmediata. Gracias a ello, conseguimos que la crisis clim\u00e1tica ocupara un papel preeminente en la agenda pol\u00edtica, y que la legislatura acabara con una declaraci\u00f3n de emergencia clim\u00e1tica aprobada [&hellip;]\" \/>\n<meta property=\"og:url\" content=\"https:\/\/es.greenpeace.org\/es\/quienes-somos\/informes-anuales\/informe-anual-2019\/lucha-contra-el-cambio-climatico\/\" \/>\n<meta property=\"og:site_name\" content=\"ES | Greenpeace Espa\u00f1a\" \/>\n<meta property=\"article:publisher\" content=\"https:\/\/www.facebook.com\/greenpeace.spain\" \/>\n<meta property=\"article:modified_time\" content=\"2020-07-30T09:08:13+00:00\" \/>\n<meta property=\"og:image\" content=\"https:\/\/es.greenpeace.org\/es\/wp-content\/uploads\/sites\/3\/2019\/08\/GPES20190301PB1468-1.jpg\" \/>\n\t<meta property=\"og:image:width\" content=\"4885\" \/>\n\t<meta property=\"og:image:height\" content=\"2022\" \/>\n\t<meta property=\"og:image:type\" content=\"image\/jpeg\" \/>\n<meta name=\"twitter:card\" content=\"summary_large_image\" \/>\n<meta name=\"twitter:site\" content=\"@greenpeace_esp\" \/>\n<meta name=\"twitter:label1\" content=\"Tiempo de lectura\" \/>\n\t<meta name=\"twitter:data1\" content=\"1 minuto\" \/>\n<script type=\"application\/ld+json\" class=\"yoast-schema-graph\">{\"@context\":\"https:\/\/schema.org\",\"@graph\":[{\"@type\":\"WebPage\",\"@id\":\"https:\/\/es.greenpeace.org\/es\/quienes-somos\/informes-anuales\/informe-anual-2019\/lucha-contra-el-cambio-climatico\/\",\"url\":\"https:\/\/es.greenpeace.org\/es\/quienes-somos\/informes-anuales\/informe-anual-2019\/lucha-contra-el-cambio-climatico\/\",\"name\":\"Lucha contra el cambio clim\u00e1tico: revoluci\u00f3n ciudadana y transici\u00f3n justa - ES | Greenpeace Espa\u00f1a\",\"isPartOf\":{\"@id\":\"https:\/\/es.greenpeace.org\/es\/#website\"},\"primaryImageOfPage\":{\"@id\":\"https:\/\/es.greenpeace.org\/es\/quienes-somos\/informes-anuales\/informe-anual-2019\/lucha-contra-el-cambio-climatico\/#primaryimage\"},\"image\":{\"@id\":\"https:\/\/es.greenpeace.org\/es\/quienes-somos\/informes-anuales\/informe-anual-2019\/lucha-contra-el-cambio-climatico\/#primaryimage\"},\"thumbnailUrl\":\"https:\/\/es.greenpeace.org\/es\/wp-content\/uploads\/sites\/3\/2019\/08\/GPES20190301PB1468-1.jpg\",\"datePublished\":\"2020-07-23T08:43:24+00:00\",\"dateModified\":\"2020-07-30T09:08:13+00:00\",\"breadcrumb\":{\"@id\":\"https:\/\/es.greenpeace.org\/es\/quienes-somos\/informes-anuales\/informe-anual-2019\/lucha-contra-el-cambio-climatico\/#breadcrumb\"},\"inLanguage\":\"es\",\"potentialAction\":[{\"@type\":\"ReadAction\",\"target\":[\"https:\/\/es.greenpeace.org\/es\/quienes-somos\/informes-anuales\/informe-anual-2019\/lucha-contra-el-cambio-climatico\/\"]}]},{\"@type\":\"ImageObject\",\"inLanguage\":\"es\",\"@id\":\"https:\/\/es.greenpeace.org\/es\/quienes-somos\/informes-anuales\/informe-anual-2019\/lucha-contra-el-cambio-climatico\/#primaryimage\",\"url\":\"https:\/\/es.greenpeace.org\/es\/wp-content\/uploads\/sites\/3\/2019\/08\/GPES20190301PB1468-1.jpg\",\"contentUrl\":\"https:\/\/es.greenpeace.org\/es\/wp-content\/uploads\/sites\/3\/2019\/08\/GPES20190301PB1468-1.jpg\",\"width\":4885,\"height\":2022,\"caption\":\"01\/03\/2019. Congreso de los Diputados, Madrid, Comunidad de Madrid, Espa\u00f1a. J\u00f3venes de todo el mundo se est\u00e1n movilizando cada viernes para pedir medidas urgentes contra el cambio clim\u00e1tico dentro del movimiento Fridays For Future. La primera de estas protestas en Madrid, es una sentada frente al Congreso de los Diputados para pedir \u201cmedidas inmediatas para frenar el avance del Cambio Clim\u00e1tico\u201d y para convocar para la huelga internacional el 15 de marzo. \u00a9Greenpeace\/Pablo Bl\u00e1zquez \u00a9Greenpeace Handout\/Pablo Bl\u00e1zquez - No sales - No Archives - Editorial Use Only - Free use only for 14 days after release. Photo provided by GREENPEACE, distributed handout photo to be used only to illustrate news reporting or commentary on the facts or events depicted in this image.\"},{\"@type\":\"BreadcrumbList\",\"@id\":\"https:\/\/es.greenpeace.org\/es\/quienes-somos\/informes-anuales\/informe-anual-2019\/lucha-contra-el-cambio-climatico\/#breadcrumb\",\"itemListElement\":[{\"@type\":\"ListItem\",\"position\":1,\"name\":\"Home\",\"item\":\"https:\/\/es.greenpeace.org\/es\/\"},{\"@type\":\"ListItem\",\"position\":2,\"name\":\"Qui\u00e9nes somos\",\"item\":\"https:\/\/es.greenpeace.org\/es\/quienes-somos\/\"},{\"@type\":\"ListItem\",\"position\":3,\"name\":\"Informes anuales\",\"item\":\"https:\/\/es.greenpeace.org\/es\/quienes-somos\/informes-anuales\/\"},{\"@type\":\"ListItem\",\"position\":4,\"name\":\"Informe anual 2019\",\"item\":\"https:\/\/es.greenpeace.org\/es\/quienes-somos\/informes-anuales\/informe-anual-2019\/\"},{\"@type\":\"ListItem\",\"position\":5,\"name\":\"Lucha contra el cambio clim\u00e1tico: revoluci\u00f3n ciudadana y transici\u00f3n justa\"}]},{\"@type\":\"WebSite\",\"@id\":\"https:\/\/es.greenpeace.org\/es\/#website\",\"url\":\"https:\/\/es.greenpeace.org\/es\/\",\"name\":\"Greenpeace Espa\u00f1a\",\"description\":\"\",\"publisher\":{\"@id\":\"https:\/\/es.greenpeace.org\/es\/#organization\"},\"potentialAction\":[{\"@type\":\"SearchAction\",\"target\":{\"@type\":\"EntryPoint\",\"urlTemplate\":\"https:\/\/es.greenpeace.org\/es\/?s={search_term_string}\"},\"query-input\":{\"@type\":\"PropertyValueSpecification\",\"valueRequired\":true,\"valueName\":\"search_term_string\"}}],\"inLanguage\":\"es\"},{\"@type\":\"Organization\",\"@id\":\"https:\/\/es.greenpeace.org\/es\/#organization\",\"name\":\"Greenpeace Espa\u00f1a\",\"alternateName\":\"Greenpeace\",\"url\":\"https:\/\/es.greenpeace.org\/es\/\",\"logo\":{\"@type\":\"ImageObject\",\"inLanguage\":\"es\",\"@id\":\"https:\/\/es.greenpeace.org\/es\/#\/schema\/logo\/image\/\",\"url\":\"https:\/\/es.greenpeace.org\/es\/wp-content\/uploads\/sites\/3\/2024\/07\/greenpeace-logo-verde.svg\",\"contentUrl\":\"https:\/\/es.greenpeace.org\/es\/wp-content\/uploads\/sites\/3\/2024\/07\/greenpeace-logo-verde.svg\",\"width\":1,\"height\":1,\"caption\":\"Greenpeace Espa\u00f1a\"},\"image\":{\"@id\":\"https:\/\/es.greenpeace.org\/es\/#\/schema\/logo\/image\/\"},\"sameAs\":[\"https:\/\/www.facebook.com\/greenpeace.spain\",\"https:\/\/x.com\/greenpeace_esp\",\"https:\/\/www.instagram.com\/greenpeace_esp\/\"]}]}<\/script>\n<!-- \/ Yoast SEO plugin. -->","yoast_head_json":{"title":"Lucha contra el cambio clim\u00e1tico: revoluci\u00f3n ciudadana y transici\u00f3n justa - ES | Greenpeace Espa\u00f1a","robots":{"index":"index","follow":"follow","max-snippet":"max-snippet:-1","max-image-preview":"max-image-preview:large","max-video-preview":"max-video-preview:-1"},"canonical":"https:\/\/es.greenpeace.org\/es\/quienes-somos\/informes-anuales\/informe-anual-2019\/lucha-contra-el-cambio-climatico\/","og_locale":"es_ES","og_type":"article","og_title":"Lucha contra el cambio clim\u00e1tico: revoluci\u00f3n ciudadana y transici\u00f3n justa - ES | Greenpeace Espa\u00f1a","og_description":"En 2019 la crisis clim\u00e1tica alcanz\u00f3 cotas preocupantes, y la poblaci\u00f3n mundial se moviliz\u00f3 para exigir a Estados y empresas una transici\u00f3n energ\u00e9tica justa de manera inmediata. Gracias a ello, conseguimos que la crisis clim\u00e1tica ocupara un papel preeminente en la agenda pol\u00edtica, y que la legislatura acabara con una declaraci\u00f3n de emergencia clim\u00e1tica aprobada [&hellip;]","og_url":"https:\/\/es.greenpeace.org\/es\/quienes-somos\/informes-anuales\/informe-anual-2019\/lucha-contra-el-cambio-climatico\/","og_site_name":"ES | Greenpeace Espa\u00f1a","article_publisher":"https:\/\/www.facebook.com\/greenpeace.spain","article_modified_time":"2020-07-30T09:08:13+00:00","og_image":[{"width":4885,"height":2022,"url":"https:\/\/es.greenpeace.org\/es\/wp-content\/uploads\/sites\/3\/2019\/08\/GPES20190301PB1468-1.jpg","type":"image\/jpeg"}],"twitter_card":"summary_large_image","twitter_site":"@greenpeace_esp","twitter_misc":{"Tiempo de lectura":"1 minuto"},"schema":{"@context":"https:\/\/schema.org","@graph":[{"@type":"WebPage","@id":"https:\/\/es.greenpeace.org\/es\/quienes-somos\/informes-anuales\/informe-anual-2019\/lucha-contra-el-cambio-climatico\/","url":"https:\/\/es.greenpeace.org\/es\/quienes-somos\/informes-anuales\/informe-anual-2019\/lucha-contra-el-cambio-climatico\/","name":"Lucha contra el cambio clim\u00e1tico: revoluci\u00f3n ciudadana y transici\u00f3n justa - ES | Greenpeace Espa\u00f1a","isPartOf":{"@id":"https:\/\/es.greenpeace.org\/es\/#website"},"primaryImageOfPage":{"@id":"https:\/\/es.greenpeace.org\/es\/quienes-somos\/informes-anuales\/informe-anual-2019\/lucha-contra-el-cambio-climatico\/#primaryimage"},"image":{"@id":"https:\/\/es.greenpeace.org\/es\/quienes-somos\/informes-anuales\/informe-anual-2019\/lucha-contra-el-cambio-climatico\/#primaryimage"},"thumbnailUrl":"https:\/\/es.greenpeace.org\/es\/wp-content\/uploads\/sites\/3\/2019\/08\/GPES20190301PB1468-1.jpg","datePublished":"2020-07-23T08:43:24+00:00","dateModified":"2020-07-30T09:08:13+00:00","breadcrumb":{"@id":"https:\/\/es.greenpeace.org\/es\/quienes-somos\/informes-anuales\/informe-anual-2019\/lucha-contra-el-cambio-climatico\/#breadcrumb"},"inLanguage":"es","potentialAction":[{"@type":"ReadAction","target":["https:\/\/es.greenpeace.org\/es\/quienes-somos\/informes-anuales\/informe-anual-2019\/lucha-contra-el-cambio-climatico\/"]}]},{"@type":"ImageObject","inLanguage":"es","@id":"https:\/\/es.greenpeace.org\/es\/quienes-somos\/informes-anuales\/informe-anual-2019\/lucha-contra-el-cambio-climatico\/#primaryimage","url":"https:\/\/es.greenpeace.org\/es\/wp-content\/uploads\/sites\/3\/2019\/08\/GPES20190301PB1468-1.jpg","contentUrl":"https:\/\/es.greenpeace.org\/es\/wp-content\/uploads\/sites\/3\/2019\/08\/GPES20190301PB1468-1.jpg","width":4885,"height":2022,"caption":"01\/03\/2019. Congreso de los Diputados, Madrid, Comunidad de Madrid, Espa\u00f1a. J\u00f3venes de todo el mundo se est\u00e1n movilizando cada viernes para pedir medidas urgentes contra el cambio clim\u00e1tico dentro del movimiento Fridays For Future. La primera de estas protestas en Madrid, es una sentada frente al Congreso de los Diputados para pedir \u201cmedidas inmediatas para frenar el avance del Cambio Clim\u00e1tico\u201d y para convocar para la huelga internacional el 15 de marzo. \u00a9Greenpeace\/Pablo Bl\u00e1zquez \u00a9Greenpeace Handout\/Pablo Bl\u00e1zquez - No sales - No Archives - Editorial Use Only - Free use only for 14 days after release. Photo provided by GREENPEACE, distributed handout photo to be used only to illustrate news reporting or commentary on the facts or events depicted in this image."},{"@type":"BreadcrumbList","@id":"https:\/\/es.greenpeace.org\/es\/quienes-somos\/informes-anuales\/informe-anual-2019\/lucha-contra-el-cambio-climatico\/#breadcrumb","itemListElement":[{"@type":"ListItem","position":1,"name":"Home","item":"https:\/\/es.greenpeace.org\/es\/"},{"@type":"ListItem","position":2,"name":"Qui\u00e9nes somos","item":"https:\/\/es.greenpeace.org\/es\/quienes-somos\/"},{"@type":"ListItem","position":3,"name":"Informes anuales","item":"https:\/\/es.greenpeace.org\/es\/quienes-somos\/informes-anuales\/"},{"@type":"ListItem","position":4,"name":"Informe anual 2019","item":"https:\/\/es.greenpeace.org\/es\/quienes-somos\/informes-anuales\/informe-anual-2019\/"},{"@type":"ListItem","position":5,"name":"Lucha contra el cambio clim\u00e1tico: revoluci\u00f3n ciudadana y transici\u00f3n justa"}]},{"@type":"WebSite","@id":"https:\/\/es.greenpeace.org\/es\/#website","url":"https:\/\/es.greenpeace.org\/es\/","name":"Greenpeace Espa\u00f1a","description":"","publisher":{"@id":"https:\/\/es.greenpeace.org\/es\/#organization"},"potentialAction":[{"@type":"SearchAction","target":{"@type":"EntryPoint","urlTemplate":"https:\/\/es.greenpeace.org\/es\/?s={search_term_string}"},"query-input":{"@type":"PropertyValueSpecification","valueRequired":true,"valueName":"search_term_string"}}],"inLanguage":"es"},{"@type":"Organization","@id":"https:\/\/es.greenpeace.org\/es\/#organization","name":"Greenpeace Espa\u00f1a","alternateName":"Greenpeace","url":"https:\/\/es.greenpeace.org\/es\/","logo":{"@type":"ImageObject","inLanguage":"es","@id":"https:\/\/es.greenpeace.org\/es\/#\/schema\/logo\/image\/","url":"https:\/\/es.greenpeace.org\/es\/wp-content\/uploads\/sites\/3\/2024\/07\/greenpeace-logo-verde.svg","contentUrl":"https:\/\/es.greenpeace.org\/es\/wp-content\/uploads\/sites\/3\/2024\/07\/greenpeace-logo-verde.svg","width":1,"height":1,"caption":"Greenpeace Espa\u00f1a"},"image":{"@id":"https:\/\/es.greenpeace.org\/es\/#\/schema\/logo\/image\/"},"sameAs":["https:\/\/www.facebook.com\/greenpeace.spain","https:\/\/x.com\/greenpeace_esp","https:\/\/www.instagram.com\/greenpeace_esp\/"]}]}},"_links":{"self":[{"href":"https:\/\/es.greenpeace.org\/es\/wp-json\/wp\/v2\/pages\/27278","targetHints":{"allow":["GET"]}}],"collection":[{"href":"https:\/\/es.greenpeace.org\/es\/wp-json\/wp\/v2\/pages"}],"about":[{"href":"https:\/\/es.greenpeace.org\/es\/wp-json\/wp\/v2\/types\/page"}],"author":[{"embeddable":true,"href":"https:\/\/es.greenpeace.org\/es\/wp-json\/wp\/v2\/users\/68"}],"replies":[{"embeddable":true,"href":"https:\/\/es.greenpeace.org\/es\/wp-json\/wp\/v2\/comments?post=27278"}],"version-history":[{"count":10,"href":"https:\/\/es.greenpeace.org\/es\/wp-json\/wp\/v2\/pages\/27278\/revisions"}],"predecessor-version":[{"id":27548,"href":"https:\/\/es.greenpeace.org\/es\/wp-json\/wp\/v2\/pages\/27278\/revisions\/27548"}],"up":[{"embeddable":true,"href":"https:\/\/es.greenpeace.org\/es\/wp-json\/wp\/v2\/pages\/27173"}],"wp:featuredmedia":[{"embeddable":true,"href":"https:\/\/es.greenpeace.org\/es\/wp-json\/wp\/v2\/media\/20141"}],"wp:attachment":[{"href":"https:\/\/es.greenpeace.org\/es\/wp-json\/wp\/v2\/media?parent=27278"}],"wp:term":[{"taxonomy":"category","embeddable":true,"href":"https:\/\/es.greenpeace.org\/es\/wp-json\/wp\/v2\/categories?post=27278"},{"taxonomy":"post_tag","embeddable":true,"href":"https:\/\/es.greenpeace.org\/es\/wp-json\/wp\/v2\/tags?post=27278"}],"curies":[{"name":"wp","href":"https:\/\/api.w.org\/{rel}","templated":true}]}}