{"id":35150,"date":"2021-07-19T11:02:17","date_gmt":"2021-07-19T09:02:17","guid":{"rendered":"https:\/\/es.greenpeace.org\/es\/?page_id=35150"},"modified":"2021-07-19T11:17:42","modified_gmt":"2021-07-19T09:17:42","slug":"recuperar-la-biodiversidad","status":"publish","type":"page","link":"https:\/\/es.greenpeace.org\/es\/quienes-somos\/informes-anuales\/informe-anual-2020\/recuperar-la-biodiversidad\/","title":{"rendered":"Recuperar la biodiversidad"},"content":{"rendered":"<h4>Este a\u00f1o 2020 nos ha dejado un mensaje claro: recuperar y cuidar la biodiversidad es vital para nuestra salud y la del planeta. La emergencia clim\u00e1tica y la crisis de p\u00e9rdida de biodiversidad siguen siendo los dos objetivos fundamentales para nuestra organizaci\u00f3n.<\/h4>\n<p>En Greenpeace hemos centrado esfuerzos en la realizaci\u00f3n de potentes campa\u00f1as para la <strong>protecci\u00f3n de los oc\u00e9anos<\/strong>, para evitar el comercio de importaci\u00f3n de carne y madera que est\u00e1 destrozando entornos como el <strong>Amazonas<\/strong> y para <strong>evitar la p\u00e9rdida del medio rural<\/strong>, porque sabemos que el papel de los <strong>ecosistemas<\/strong> y del <strong>medio rural<\/strong> en la <strong>lucha contra el cambio clim\u00e1tico<\/strong> es fundamental.<\/p>\n","protected":false},"excerpt":{"rendered":"<p>Este a\u00f1o 2020 nos ha dejado un mensaje claro: recuperar y cuidar la biodiversidad es vital para nuestra salud y la del planeta. La emergencia clim\u00e1tica y la crisis de p\u00e9rdida de biodiversidad siguen siendo los dos objetivos fundamentales para nuestra organizaci\u00f3n. En Greenpeace hemos centrado esfuerzos en la realizaci\u00f3n de potentes campa\u00f1as para la [&hellip;]<\/p>\n","protected":false},"author":68,"featured_media":35152,"parent":35124,"menu_order":0,"comment_status":"closed","ping_status":"closed","template":"template-generic-acf.php","meta":{"_acf_changed":false,"footnotes":""},"categories":[4],"tags":[],"class_list":["post-35150","page","type-page","status-publish","has-post-thumbnail","hentry","category-general"],"acf":[],"yoast_head":"<!-- This site is optimized with the Yoast SEO plugin v27.1.1 - https:\/\/yoast.com\/product\/yoast-seo-wordpress\/ -->\n<title>Recuperar la biodiversidad - ES | Greenpeace Espa\u00f1a<\/title>\n<meta name=\"robots\" content=\"index, follow, max-snippet:-1, max-image-preview:large, max-video-preview:-1\" \/>\n<link rel=\"canonical\" href=\"https:\/\/es.greenpeace.org\/es\/quienes-somos\/informes-anuales\/informe-anual-2020\/recuperar-la-biodiversidad\/\" \/>\n<meta property=\"og:locale\" content=\"es_ES\" \/>\n<meta property=\"og:type\" content=\"article\" \/>\n<meta property=\"og:title\" content=\"Recuperar la biodiversidad - ES | Greenpeace Espa\u00f1a\" \/>\n<meta property=\"og:description\" content=\"Este a\u00f1o 2020 nos ha dejado un mensaje claro: recuperar y cuidar la biodiversidad es vital para nuestra salud y la del planeta. La emergencia clim\u00e1tica y la crisis de p\u00e9rdida de biodiversidad siguen siendo los dos objetivos fundamentales para nuestra organizaci\u00f3n. En Greenpeace hemos centrado esfuerzos en la realizaci\u00f3n de potentes campa\u00f1as para la [&hellip;]\" \/>\n<meta property=\"og:url\" content=\"https:\/\/es.greenpeace.org\/es\/quienes-somos\/informes-anuales\/informe-anual-2020\/recuperar-la-biodiversidad\/\" \/>\n<meta property=\"og:site_name\" content=\"ES | Greenpeace Espa\u00f1a\" \/>\n<meta property=\"article:publisher\" content=\"https:\/\/www.facebook.com\/greenpeace.spain\" \/>\n<meta property=\"article:modified_time\" content=\"2021-07-19T09:17:42+00:00\" \/>\n<meta property=\"og:image\" content=\"https:\/\/es.greenpeace.org\/es\/wp-content\/uploads\/sites\/3\/2021\/07\/acciones-greenpeace-rural-1.jpg\" \/>\n\t<meta property=\"og:image:width\" content=\"1200\" \/>\n\t<meta property=\"og:image:height\" content=\"561\" \/>\n\t<meta property=\"og:image:type\" content=\"image\/jpeg\" \/>\n<meta name=\"twitter:card\" content=\"summary_large_image\" \/>\n<meta name=\"twitter:site\" content=\"@greenpeace_esp\" \/>\n<meta name=\"twitter:label1\" content=\"Tiempo de lectura\" \/>\n\t<meta name=\"twitter:data1\" content=\"1 minuto\" \/>\n<script type=\"application\/ld+json\" class=\"yoast-schema-graph\">{\"@context\":\"https:\/\/schema.org\",\"@graph\":[{\"@type\":\"WebPage\",\"@id\":\"https:\/\/es.greenpeace.org\/es\/quienes-somos\/informes-anuales\/informe-anual-2020\/recuperar-la-biodiversidad\/\",\"url\":\"https:\/\/es.greenpeace.org\/es\/quienes-somos\/informes-anuales\/informe-anual-2020\/recuperar-la-biodiversidad\/\",\"name\":\"Recuperar la biodiversidad - ES | Greenpeace Espa\u00f1a\",\"isPartOf\":{\"@id\":\"https:\/\/es.greenpeace.org\/es\/#website\"},\"primaryImageOfPage\":{\"@id\":\"https:\/\/es.greenpeace.org\/es\/quienes-somos\/informes-anuales\/informe-anual-2020\/recuperar-la-biodiversidad\/#primaryimage\"},\"image\":{\"@id\":\"https:\/\/es.greenpeace.org\/es\/quienes-somos\/informes-anuales\/informe-anual-2020\/recuperar-la-biodiversidad\/#primaryimage\"},\"thumbnailUrl\":\"https:\/\/es.greenpeace.org\/es\/wp-content\/uploads\/sites\/3\/2021\/07\/acciones-greenpeace-rural-1.jpg\",\"datePublished\":\"2021-07-19T09:02:17+00:00\",\"dateModified\":\"2021-07-19T09:17:42+00:00\",\"breadcrumb\":{\"@id\":\"https:\/\/es.greenpeace.org\/es\/quienes-somos\/informes-anuales\/informe-anual-2020\/recuperar-la-biodiversidad\/#breadcrumb\"},\"inLanguage\":\"es\",\"potentialAction\":[{\"@type\":\"ReadAction\",\"target\":[\"https:\/\/es.greenpeace.org\/es\/quienes-somos\/informes-anuales\/informe-anual-2020\/recuperar-la-biodiversidad\/\"]}]},{\"@type\":\"ImageObject\",\"inLanguage\":\"es\",\"@id\":\"https:\/\/es.greenpeace.org\/es\/quienes-somos\/informes-anuales\/informe-anual-2020\/recuperar-la-biodiversidad\/#primaryimage\",\"url\":\"https:\/\/es.greenpeace.org\/es\/wp-content\/uploads\/sites\/3\/2021\/07\/acciones-greenpeace-rural-1.jpg\",\"contentUrl\":\"https:\/\/es.greenpeace.org\/es\/wp-content\/uploads\/sites\/3\/2021\/07\/acciones-greenpeace-rural-1.jpg\",\"width\":1200,\"height\":561,\"caption\":\"22\/04\/2021. Castej\u00f3n del Campo, Soria, Castilla y Le\u00f3n, Espa\u00f1a. Greenpeace despliega una pancarta gigante en el campanario de la iglesia de Castej\u00f3n del Campo (Soria) con el mensaje \\\"Por un mundo rural vivo\\\". As\u00ed presenta su informe \\\"HablaRural, El papel clave de la Espa\u00f1a rural frente a la emergencia clim\u00e1tica y la p\u00e9rdida de biodiversidad\\\", que analiza c\u00f3mo cada uno de los municipios espa\u00f1oles contribuyen a preservar la naturaleza o bien a agravar la crisis clim\u00e1tica. \u00a9Greenpeace\/Pablo Bl\u00e1zquez \u00a9Greenpeace Handout\/Pablo Bl\u00e1zquez - No sales - No Archives - Editorial Use Only - Free use only for 14 days after release. Photo provided by GREENPEACE, distributed handout photo to be used only to illustrate news reporting or commentary on the facts or events depicted in this image.\"},{\"@type\":\"BreadcrumbList\",\"@id\":\"https:\/\/es.greenpeace.org\/es\/quienes-somos\/informes-anuales\/informe-anual-2020\/recuperar-la-biodiversidad\/#breadcrumb\",\"itemListElement\":[{\"@type\":\"ListItem\",\"position\":1,\"name\":\"Home\",\"item\":\"https:\/\/es.greenpeace.org\/es\/\"},{\"@type\":\"ListItem\",\"position\":2,\"name\":\"Qui\u00e9nes somos\",\"item\":\"https:\/\/es.greenpeace.org\/es\/quienes-somos\/\"},{\"@type\":\"ListItem\",\"position\":3,\"name\":\"Informes anuales\",\"item\":\"https:\/\/es.greenpeace.org\/es\/quienes-somos\/informes-anuales\/\"},{\"@type\":\"ListItem\",\"position\":4,\"name\":\"Informe anual 2020\",\"item\":\"https:\/\/es.greenpeace.org\/es\/quienes-somos\/informes-anuales\/informe-anual-2020\/\"},{\"@type\":\"ListItem\",\"position\":5,\"name\":\"Recuperar la biodiversidad\"}]},{\"@type\":\"WebSite\",\"@id\":\"https:\/\/es.greenpeace.org\/es\/#website\",\"url\":\"https:\/\/es.greenpeace.org\/es\/\",\"name\":\"Greenpeace Espa\u00f1a\",\"description\":\"\",\"publisher\":{\"@id\":\"https:\/\/es.greenpeace.org\/es\/#organization\"},\"potentialAction\":[{\"@type\":\"SearchAction\",\"target\":{\"@type\":\"EntryPoint\",\"urlTemplate\":\"https:\/\/es.greenpeace.org\/es\/?s={search_term_string}\"},\"query-input\":{\"@type\":\"PropertyValueSpecification\",\"valueRequired\":true,\"valueName\":\"search_term_string\"}}],\"inLanguage\":\"es\"},{\"@type\":\"Organization\",\"@id\":\"https:\/\/es.greenpeace.org\/es\/#organization\",\"name\":\"Greenpeace Espa\u00f1a\",\"alternateName\":\"Greenpeace\",\"url\":\"https:\/\/es.greenpeace.org\/es\/\",\"logo\":{\"@type\":\"ImageObject\",\"inLanguage\":\"es\",\"@id\":\"https:\/\/es.greenpeace.org\/es\/#\/schema\/logo\/image\/\",\"url\":\"https:\/\/es.greenpeace.org\/es\/wp-content\/uploads\/sites\/3\/2024\/07\/greenpeace-logo-verde.svg\",\"contentUrl\":\"https:\/\/es.greenpeace.org\/es\/wp-content\/uploads\/sites\/3\/2024\/07\/greenpeace-logo-verde.svg\",\"width\":1,\"height\":1,\"caption\":\"Greenpeace Espa\u00f1a\"},\"image\":{\"@id\":\"https:\/\/es.greenpeace.org\/es\/#\/schema\/logo\/image\/\"},\"sameAs\":[\"https:\/\/www.facebook.com\/greenpeace.spain\",\"https:\/\/x.com\/greenpeace_esp\",\"https:\/\/www.instagram.com\/greenpeace_esp\/\"]}]}<\/script>\n<!-- \/ Yoast SEO plugin. -->","yoast_head_json":{"title":"Recuperar la biodiversidad - ES | Greenpeace Espa\u00f1a","robots":{"index":"index","follow":"follow","max-snippet":"max-snippet:-1","max-image-preview":"max-image-preview:large","max-video-preview":"max-video-preview:-1"},"canonical":"https:\/\/es.greenpeace.org\/es\/quienes-somos\/informes-anuales\/informe-anual-2020\/recuperar-la-biodiversidad\/","og_locale":"es_ES","og_type":"article","og_title":"Recuperar la biodiversidad - ES | Greenpeace Espa\u00f1a","og_description":"Este a\u00f1o 2020 nos ha dejado un mensaje claro: recuperar y cuidar la biodiversidad es vital para nuestra salud y la del planeta. La emergencia clim\u00e1tica y la crisis de p\u00e9rdida de biodiversidad siguen siendo los dos objetivos fundamentales para nuestra organizaci\u00f3n. En Greenpeace hemos centrado esfuerzos en la realizaci\u00f3n de potentes campa\u00f1as para la [&hellip;]","og_url":"https:\/\/es.greenpeace.org\/es\/quienes-somos\/informes-anuales\/informe-anual-2020\/recuperar-la-biodiversidad\/","og_site_name":"ES | Greenpeace Espa\u00f1a","article_publisher":"https:\/\/www.facebook.com\/greenpeace.spain","article_modified_time":"2021-07-19T09:17:42+00:00","og_image":[{"width":1200,"height":561,"url":"https:\/\/es.greenpeace.org\/es\/wp-content\/uploads\/sites\/3\/2021\/07\/acciones-greenpeace-rural-1.jpg","type":"image\/jpeg"}],"twitter_card":"summary_large_image","twitter_site":"@greenpeace_esp","twitter_misc":{"Tiempo de lectura":"1 minuto"},"schema":{"@context":"https:\/\/schema.org","@graph":[{"@type":"WebPage","@id":"https:\/\/es.greenpeace.org\/es\/quienes-somos\/informes-anuales\/informe-anual-2020\/recuperar-la-biodiversidad\/","url":"https:\/\/es.greenpeace.org\/es\/quienes-somos\/informes-anuales\/informe-anual-2020\/recuperar-la-biodiversidad\/","name":"Recuperar la biodiversidad - ES | Greenpeace Espa\u00f1a","isPartOf":{"@id":"https:\/\/es.greenpeace.org\/es\/#website"},"primaryImageOfPage":{"@id":"https:\/\/es.greenpeace.org\/es\/quienes-somos\/informes-anuales\/informe-anual-2020\/recuperar-la-biodiversidad\/#primaryimage"},"image":{"@id":"https:\/\/es.greenpeace.org\/es\/quienes-somos\/informes-anuales\/informe-anual-2020\/recuperar-la-biodiversidad\/#primaryimage"},"thumbnailUrl":"https:\/\/es.greenpeace.org\/es\/wp-content\/uploads\/sites\/3\/2021\/07\/acciones-greenpeace-rural-1.jpg","datePublished":"2021-07-19T09:02:17+00:00","dateModified":"2021-07-19T09:17:42+00:00","breadcrumb":{"@id":"https:\/\/es.greenpeace.org\/es\/quienes-somos\/informes-anuales\/informe-anual-2020\/recuperar-la-biodiversidad\/#breadcrumb"},"inLanguage":"es","potentialAction":[{"@type":"ReadAction","target":["https:\/\/es.greenpeace.org\/es\/quienes-somos\/informes-anuales\/informe-anual-2020\/recuperar-la-biodiversidad\/"]}]},{"@type":"ImageObject","inLanguage":"es","@id":"https:\/\/es.greenpeace.org\/es\/quienes-somos\/informes-anuales\/informe-anual-2020\/recuperar-la-biodiversidad\/#primaryimage","url":"https:\/\/es.greenpeace.org\/es\/wp-content\/uploads\/sites\/3\/2021\/07\/acciones-greenpeace-rural-1.jpg","contentUrl":"https:\/\/es.greenpeace.org\/es\/wp-content\/uploads\/sites\/3\/2021\/07\/acciones-greenpeace-rural-1.jpg","width":1200,"height":561,"caption":"22\/04\/2021. Castej\u00f3n del Campo, Soria, Castilla y Le\u00f3n, Espa\u00f1a. Greenpeace despliega una pancarta gigante en el campanario de la iglesia de Castej\u00f3n del Campo (Soria) con el mensaje \"Por un mundo rural vivo\". As\u00ed presenta su informe \"HablaRural, El papel clave de la Espa\u00f1a rural frente a la emergencia clim\u00e1tica y la p\u00e9rdida de biodiversidad\", que analiza c\u00f3mo cada uno de los municipios espa\u00f1oles contribuyen a preservar la naturaleza o bien a agravar la crisis clim\u00e1tica. \u00a9Greenpeace\/Pablo Bl\u00e1zquez \u00a9Greenpeace Handout\/Pablo Bl\u00e1zquez - No sales - No Archives - Editorial Use Only - Free use only for 14 days after release. Photo provided by GREENPEACE, distributed handout photo to be used only to illustrate news reporting or commentary on the facts or events depicted in this image."},{"@type":"BreadcrumbList","@id":"https:\/\/es.greenpeace.org\/es\/quienes-somos\/informes-anuales\/informe-anual-2020\/recuperar-la-biodiversidad\/#breadcrumb","itemListElement":[{"@type":"ListItem","position":1,"name":"Home","item":"https:\/\/es.greenpeace.org\/es\/"},{"@type":"ListItem","position":2,"name":"Qui\u00e9nes somos","item":"https:\/\/es.greenpeace.org\/es\/quienes-somos\/"},{"@type":"ListItem","position":3,"name":"Informes anuales","item":"https:\/\/es.greenpeace.org\/es\/quienes-somos\/informes-anuales\/"},{"@type":"ListItem","position":4,"name":"Informe anual 2020","item":"https:\/\/es.greenpeace.org\/es\/quienes-somos\/informes-anuales\/informe-anual-2020\/"},{"@type":"ListItem","position":5,"name":"Recuperar la biodiversidad"}]},{"@type":"WebSite","@id":"https:\/\/es.greenpeace.org\/es\/#website","url":"https:\/\/es.greenpeace.org\/es\/","name":"Greenpeace Espa\u00f1a","description":"","publisher":{"@id":"https:\/\/es.greenpeace.org\/es\/#organization"},"potentialAction":[{"@type":"SearchAction","target":{"@type":"EntryPoint","urlTemplate":"https:\/\/es.greenpeace.org\/es\/?s={search_term_string}"},"query-input":{"@type":"PropertyValueSpecification","valueRequired":true,"valueName":"search_term_string"}}],"inLanguage":"es"},{"@type":"Organization","@id":"https:\/\/es.greenpeace.org\/es\/#organization","name":"Greenpeace Espa\u00f1a","alternateName":"Greenpeace","url":"https:\/\/es.greenpeace.org\/es\/","logo":{"@type":"ImageObject","inLanguage":"es","@id":"https:\/\/es.greenpeace.org\/es\/#\/schema\/logo\/image\/","url":"https:\/\/es.greenpeace.org\/es\/wp-content\/uploads\/sites\/3\/2024\/07\/greenpeace-logo-verde.svg","contentUrl":"https:\/\/es.greenpeace.org\/es\/wp-content\/uploads\/sites\/3\/2024\/07\/greenpeace-logo-verde.svg","width":1,"height":1,"caption":"Greenpeace Espa\u00f1a"},"image":{"@id":"https:\/\/es.greenpeace.org\/es\/#\/schema\/logo\/image\/"},"sameAs":["https:\/\/www.facebook.com\/greenpeace.spain","https:\/\/x.com\/greenpeace_esp","https:\/\/www.instagram.com\/greenpeace_esp\/"]}]}},"_links":{"self":[{"href":"https:\/\/es.greenpeace.org\/es\/wp-json\/wp\/v2\/pages\/35150","targetHints":{"allow":["GET"]}}],"collection":[{"href":"https:\/\/es.greenpeace.org\/es\/wp-json\/wp\/v2\/pages"}],"about":[{"href":"https:\/\/es.greenpeace.org\/es\/wp-json\/wp\/v2\/types\/page"}],"author":[{"embeddable":true,"href":"https:\/\/es.greenpeace.org\/es\/wp-json\/wp\/v2\/users\/68"}],"replies":[{"embeddable":true,"href":"https:\/\/es.greenpeace.org\/es\/wp-json\/wp\/v2\/comments?post=35150"}],"version-history":[{"count":10,"href":"https:\/\/es.greenpeace.org\/es\/wp-json\/wp\/v2\/pages\/35150\/revisions"}],"predecessor-version":[{"id":35366,"href":"https:\/\/es.greenpeace.org\/es\/wp-json\/wp\/v2\/pages\/35150\/revisions\/35366"}],"up":[{"embeddable":true,"href":"https:\/\/es.greenpeace.org\/es\/wp-json\/wp\/v2\/pages\/35124"}],"wp:featuredmedia":[{"embeddable":true,"href":"https:\/\/es.greenpeace.org\/es\/wp-json\/wp\/v2\/media\/35152"}],"wp:attachment":[{"href":"https:\/\/es.greenpeace.org\/es\/wp-json\/wp\/v2\/media?parent=35150"}],"wp:term":[{"taxonomy":"category","embeddable":true,"href":"https:\/\/es.greenpeace.org\/es\/wp-json\/wp\/v2\/categories?post=35150"},{"taxonomy":"post_tag","embeddable":true,"href":"https:\/\/es.greenpeace.org\/es\/wp-json\/wp\/v2\/tags?post=35150"}],"curies":[{"name":"wp","href":"https:\/\/api.w.org\/{rel}","templated":true}]}}