{"id":35191,"date":"2021-07-19T10:55:51","date_gmt":"2021-07-19T08:55:51","guid":{"rendered":"https:\/\/es.greenpeace.org\/es\/?page_id=35191"},"modified":"2021-07-19T10:55:51","modified_gmt":"2021-07-19T08:55:51","slug":"carta-de-la-direccion-greenpeace-2020","status":"publish","type":"page","link":"https:\/\/es.greenpeace.org\/es\/quienes-somos\/informes-anuales\/informe-anual-2020\/carta-de-la-direccion-greenpeace-2020\/","title":{"rendered":"Carta de la direcci\u00f3n"},"content":{"rendered":"<p>Este 2020 ha sido un a\u00f1o que no olvidaremos. La pandemia de la <strong>COVID<\/strong> ha sido el resultado de la presi\u00f3n que ejercemos sobre la naturaleza y ha puesto de manifiesto la necesidad urgente de cambiar nuestro <strong>modelo econ\u00f3mico y social<\/strong>.<\/p>\n<p>Los planes que ten\u00edamos inicialmente se vieron alterados, pero desde <strong>Greenpeace<\/strong> nos adaptamos a las circunstancias derivadas de la pandemia. Nos unimos m\u00e1s que nunca para dar una respuesta r\u00e1pida a las necesidades que se presentaron. Y gracias a este trabajo en equipo y a las personas comprometidas y valientes que forman parte de este objetivo com\u00fan de lograr un planeta mejor, conseguimos hitos como:<\/p>\n<ul>\n<li>Despu\u00e9s de 30 a\u00f1os de lucha incansable, logramos que <strong>LA ERA DEL CARB\u00d3N llegara a su fin<\/strong>. Adem\u00e1s las renovables han retomado la senda de crecimiento, alcanzando una <strong>contribuci\u00f3n del 46,3% en el a\u00f1o de la pandemia<\/strong> (de marzo a marzo), <strong>en el sistema el\u00e9ctrico nacional<\/strong>.<\/li>\n<li>Tambi\u00e9n ha sido el a\u00f1o en el que se ha anunciado que <strong>62 pa\u00edses apoyan la protecci\u00f3n del 30% de los oc\u00e9anos para 2030<\/strong>, en las negociaciones por el <strong>tratado internacional<\/strong> en Naciones Unidas.<\/li>\n<li>Hemos recogido un mill\u00f3n de firmas, en poco m\u00e1s de un mes, <strong>reclamando una ley europea que impida la deforestaci\u00f3n<\/strong> en las grandes selvas que quedan en el planeta producida por los productos de consumo que llegan a la UE.<\/li>\n<li><strong>Investigamos la legislaci\u00f3n anti-SLAPP<\/strong> (demandas estrat\u00e9gicas contra la participaci\u00f3n p\u00fablica) que quiere limitar la voz de la ciudadan\u00eda en la UE y gracias al informe<strong> \u00abCoren contra Manuel, un caso de SLAPP en la campi\u00f1a gallega\u00bb<\/strong> mostramos como una gran empresa puede tratar de amordazar a quienes defienden la justicia social y ambiental, en este caso Manuel, un ecologista amenazado por plantar cara a una empresa ganadera que estaba contaminando la comarca de A Limia. Gracias a esta presi\u00f3n se consigui\u00f3 que la empresa retirara los cargos.<\/li>\n<li>Ante la urgencia de remisi\u00f3n de emisiones para <strong>prevenir los peores efectos del cambio clim\u00e1tico<\/strong> y la falta de ambici\u00f3n del gobierno, presentamos nuestro primer<strong> litigio estrat\u00e9gico<\/strong>. La vida y la salud de millones de personas en todo el mundo est\u00e1n en juego.<\/li>\n<li>Nuestro <strong>litigio de armas<\/strong>, con el que exigimos al gobierno mayor transparencia en las exportaciones de armas, fue incluido entre los <strong>10 litigios m\u00e1s importantes por la ONU<\/strong>.<\/li>\n<li>Gracias a una exhaustiva investigaci\u00f3n, <strong>sacamos a la luz el greenwashing de Ecoembes<\/strong>, que se define como una organizaci\u00f3n medioambiental sin \u00e1nimo de lucro, pero miente burdamente en sus datos oficiales. Nuestro informe \u201c<strong>Ecoembes miente<\/strong>\u201d tuvo un gran impacto en el \u00e1mbito empresarial, medi\u00e1tico y pol\u00edtico, ya que la <strong>Comisi\u00f3n de Medio Ambiente y Ordenaci\u00f3n del Territorio y Sostenibilidad de la Asamblea de Madrid<\/strong> pidi\u00f3 nuestra comparecencia para explicar las conclusiones del informe.<\/li>\n<li>La Junta de Andaluc\u00eda anunci\u00f3<strong> el derribo del hotel ilegal de El Algarrobico en 2021<\/strong>. Lo que demostr\u00f3 que los esfuerzos y el trabajo al final obtienen su recompensa. \u00a1Aunque seguiremos vigilantes!<\/li>\n<\/ul>\n<p>A nivel interno tambi\u00e9n tuvimos varios cambios, entre los m\u00e1s importantes:<\/p>\n<ul>\n<li>Al igual que pedimos reinventar el sistema y un cambio pol\u00edtico, econ\u00f3mico y social, en Greenpeace tambi\u00e9n nos reinventamos para ser m\u00e1s fuertes, por lo que realizamos alianzas estrat\u00e9gicas que nos permitieron hacer un trabajo mejor.<\/li>\n<li>Nuestro equipo de Desarrollo de Personas llev\u00f3 a cabo una serie de protocolos de forma r\u00e1pida y eficaz para una vuelta al trabajo de forma segura.<\/li>\n<li>Iniciamos nuestra presencia en TIK TOK para llegar a esas nuevas generaciones de voluntarias\/os y activistas. En solo unos meses hemos llegado a los 1.402 seguidores y a los 10.344 me gustas \u00a1Y seguimos subiendo!<\/li>\n<li>Hemos dado la bienvenida a bordo a 11.424 personas m\u00e1s que hace un a\u00f1o y <strong>cerramos 2020 con 142.135 socias y socios<\/strong>.<\/li>\n<li>La<strong> Escuela de Activismo<\/strong> ha tomado un rumbo violeta, centrando sus esfuerzos en proporcionar herramientas para la <strong>movilizaci\u00f3n social<\/strong> y para la <strong>generaci\u00f3n de espacios ecofeministas<\/strong>.<\/li>\n<li>El equipo de di\u00e1logo directo de Greenpeace realiz\u00f3 llamadas para el cuidado de nuestras socias y socios m\u00e1s vulnerables.<\/li>\n<li>Mientras nuestras voluntarias y voluntarios realizaron un trabajo inestimable ya fuera con la creaci\u00f3n o preparaci\u00f3n de material anti-COVID o ayudando a socias y socios vulnerables que detectamos que necesitaban apoyo en su d\u00eda a d\u00eda.<\/li>\n<li>Ya sab\u00e9is que en Greenpeace seguiremos exigiendo un cambio justo y real y seguro que lo lograremos gracias al conjunto de personas maravillosas que de una forma u otra form\u00e1is parte de esto\u2026 Esperamos que el a\u00f1o 2021 suponga un nuevo despertar y nos traiga la oportunidad de una recuperaci\u00f3n verde y justa.<\/li>\n<\/ul>\n<p style=\"text-align: center;\">\u00a1GRACIAS Y SEGUIMOS NAVEGANDO HACIA UN FUTURO VERDE Y EN PAZ CON TODAS Y TODOS!<\/p>\n<p>El Consejo, la Junta Directiva y la directora ejecutiva de Greenpeace Espa\u00f1a.<\/p>\n","protected":false},"excerpt":{"rendered":"<p>Este 2020 ha sido un a\u00f1o que no olvidaremos. La pandemia de la COVID ha sido el resultado de la presi\u00f3n que ejercemos sobre la naturaleza y ha puesto de manifiesto la necesidad urgente de cambiar nuestro modelo econ\u00f3mico y social. Los planes que ten\u00edamos inicialmente se vieron alterados, pero desde Greenpeace nos adaptamos a [&hellip;]<\/p>\n","protected":false},"author":68,"featured_media":35192,"parent":35124,"menu_order":0,"comment_status":"closed","ping_status":"closed","template":"template-generic-acf.php","meta":{"_acf_changed":false,"footnotes":""},"categories":[4],"tags":[],"class_list":["post-35191","page","type-page","status-publish","has-post-thumbnail","hentry","category-general"],"acf":[],"yoast_head":"<!-- This site is optimized with the Yoast SEO plugin v27.1.1 - https:\/\/yoast.com\/product\/yoast-seo-wordpress\/ -->\n<title>Carta de la direcci\u00f3n - ES | Greenpeace Espa\u00f1a<\/title>\n<meta name=\"robots\" content=\"index, follow, max-snippet:-1, max-image-preview:large, max-video-preview:-1\" \/>\n<link rel=\"canonical\" href=\"https:\/\/es.greenpeace.org\/es\/quienes-somos\/informes-anuales\/informe-anual-2020\/carta-de-la-direccion-greenpeace-2020\/\" \/>\n<meta property=\"og:locale\" content=\"es_ES\" \/>\n<meta property=\"og:type\" content=\"article\" \/>\n<meta property=\"og:title\" content=\"Carta de la direcci\u00f3n - ES | Greenpeace Espa\u00f1a\" \/>\n<meta property=\"og:description\" content=\"Este 2020 ha sido un a\u00f1o que no olvidaremos. La pandemia de la COVID ha sido el resultado de la presi\u00f3n que ejercemos sobre la naturaleza y ha puesto de manifiesto la necesidad urgente de cambiar nuestro modelo econ\u00f3mico y social. Los planes que ten\u00edamos inicialmente se vieron alterados, pero desde Greenpeace nos adaptamos a [&hellip;]\" \/>\n<meta property=\"og:url\" content=\"https:\/\/es.greenpeace.org\/es\/quienes-somos\/informes-anuales\/informe-anual-2020\/carta-de-la-direccion-greenpeace-2020\/\" \/>\n<meta property=\"og:site_name\" content=\"ES | Greenpeace Espa\u00f1a\" \/>\n<meta property=\"article:publisher\" content=\"https:\/\/www.facebook.com\/greenpeace.spain\" \/>\n<meta property=\"og:image\" content=\"https:\/\/es.greenpeace.org\/es\/wp-content\/uploads\/sites\/3\/2021\/07\/carta-direccion-1-scaled.jpg\" \/>\n\t<meta property=\"og:image:width\" content=\"2560\" \/>\n\t<meta property=\"og:image:height\" content=\"1430\" \/>\n\t<meta property=\"og:image:type\" content=\"image\/jpeg\" \/>\n<meta name=\"twitter:card\" content=\"summary_large_image\" \/>\n<meta name=\"twitter:site\" content=\"@greenpeace_esp\" \/>\n<meta name=\"twitter:label1\" content=\"Tiempo de lectura\" \/>\n\t<meta name=\"twitter:data1\" content=\"4 minutos\" \/>\n<script type=\"application\/ld+json\" class=\"yoast-schema-graph\">{\"@context\":\"https:\/\/schema.org\",\"@graph\":[{\"@type\":\"WebPage\",\"@id\":\"https:\/\/es.greenpeace.org\/es\/quienes-somos\/informes-anuales\/informe-anual-2020\/carta-de-la-direccion-greenpeace-2020\/\",\"url\":\"https:\/\/es.greenpeace.org\/es\/quienes-somos\/informes-anuales\/informe-anual-2020\/carta-de-la-direccion-greenpeace-2020\/\",\"name\":\"Carta de la direcci\u00f3n - ES | Greenpeace Espa\u00f1a\",\"isPartOf\":{\"@id\":\"https:\/\/es.greenpeace.org\/es\/#website\"},\"primaryImageOfPage\":{\"@id\":\"https:\/\/es.greenpeace.org\/es\/quienes-somos\/informes-anuales\/informe-anual-2020\/carta-de-la-direccion-greenpeace-2020\/#primaryimage\"},\"image\":{\"@id\":\"https:\/\/es.greenpeace.org\/es\/quienes-somos\/informes-anuales\/informe-anual-2020\/carta-de-la-direccion-greenpeace-2020\/#primaryimage\"},\"thumbnailUrl\":\"https:\/\/es.greenpeace.org\/es\/wp-content\/uploads\/sites\/3\/2021\/07\/carta-direccion-1-scaled.jpg\",\"datePublished\":\"2021-07-19T08:55:51+00:00\",\"breadcrumb\":{\"@id\":\"https:\/\/es.greenpeace.org\/es\/quienes-somos\/informes-anuales\/informe-anual-2020\/carta-de-la-direccion-greenpeace-2020\/#breadcrumb\"},\"inLanguage\":\"es\",\"potentialAction\":[{\"@type\":\"ReadAction\",\"target\":[\"https:\/\/es.greenpeace.org\/es\/quienes-somos\/informes-anuales\/informe-anual-2020\/carta-de-la-direccion-greenpeace-2020\/\"]}]},{\"@type\":\"ImageObject\",\"inLanguage\":\"es\",\"@id\":\"https:\/\/es.greenpeace.org\/es\/quienes-somos\/informes-anuales\/informe-anual-2020\/carta-de-la-direccion-greenpeace-2020\/#primaryimage\",\"url\":\"https:\/\/es.greenpeace.org\/es\/wp-content\/uploads\/sites\/3\/2021\/07\/carta-direccion-1-scaled.jpg\",\"contentUrl\":\"https:\/\/es.greenpeace.org\/es\/wp-content\/uploads\/sites\/3\/2021\/07\/carta-direccion-1-scaled.jpg\",\"width\":2560,\"height\":1430,\"caption\":\"El buque MV Greenpeace. \u00a9Greenpeace Imagen no documentada, la informaci\u00f3n contenida en los metadatos era insuficiente o nula.\"},{\"@type\":\"BreadcrumbList\",\"@id\":\"https:\/\/es.greenpeace.org\/es\/quienes-somos\/informes-anuales\/informe-anual-2020\/carta-de-la-direccion-greenpeace-2020\/#breadcrumb\",\"itemListElement\":[{\"@type\":\"ListItem\",\"position\":1,\"name\":\"Home\",\"item\":\"https:\/\/es.greenpeace.org\/es\/\"},{\"@type\":\"ListItem\",\"position\":2,\"name\":\"Qui\u00e9nes somos\",\"item\":\"https:\/\/es.greenpeace.org\/es\/quienes-somos\/\"},{\"@type\":\"ListItem\",\"position\":3,\"name\":\"Informes anuales\",\"item\":\"https:\/\/es.greenpeace.org\/es\/quienes-somos\/informes-anuales\/\"},{\"@type\":\"ListItem\",\"position\":4,\"name\":\"Informe anual 2020\",\"item\":\"https:\/\/es.greenpeace.org\/es\/quienes-somos\/informes-anuales\/informe-anual-2020\/\"},{\"@type\":\"ListItem\",\"position\":5,\"name\":\"Carta de la direcci\u00f3n\"}]},{\"@type\":\"WebSite\",\"@id\":\"https:\/\/es.greenpeace.org\/es\/#website\",\"url\":\"https:\/\/es.greenpeace.org\/es\/\",\"name\":\"Greenpeace Espa\u00f1a\",\"description\":\"\",\"publisher\":{\"@id\":\"https:\/\/es.greenpeace.org\/es\/#organization\"},\"potentialAction\":[{\"@type\":\"SearchAction\",\"target\":{\"@type\":\"EntryPoint\",\"urlTemplate\":\"https:\/\/es.greenpeace.org\/es\/?s={search_term_string}\"},\"query-input\":{\"@type\":\"PropertyValueSpecification\",\"valueRequired\":true,\"valueName\":\"search_term_string\"}}],\"inLanguage\":\"es\"},{\"@type\":\"Organization\",\"@id\":\"https:\/\/es.greenpeace.org\/es\/#organization\",\"name\":\"Greenpeace Espa\u00f1a\",\"alternateName\":\"Greenpeace\",\"url\":\"https:\/\/es.greenpeace.org\/es\/\",\"logo\":{\"@type\":\"ImageObject\",\"inLanguage\":\"es\",\"@id\":\"https:\/\/es.greenpeace.org\/es\/#\/schema\/logo\/image\/\",\"url\":\"https:\/\/es.greenpeace.org\/es\/wp-content\/uploads\/sites\/3\/2024\/07\/greenpeace-logo-verde.svg\",\"contentUrl\":\"https:\/\/es.greenpeace.org\/es\/wp-content\/uploads\/sites\/3\/2024\/07\/greenpeace-logo-verde.svg\",\"width\":1,\"height\":1,\"caption\":\"Greenpeace Espa\u00f1a\"},\"image\":{\"@id\":\"https:\/\/es.greenpeace.org\/es\/#\/schema\/logo\/image\/\"},\"sameAs\":[\"https:\/\/www.facebook.com\/greenpeace.spain\",\"https:\/\/x.com\/greenpeace_esp\",\"https:\/\/www.instagram.com\/greenpeace_esp\/\"]}]}<\/script>\n<!-- \/ Yoast SEO plugin. -->","yoast_head_json":{"title":"Carta de la direcci\u00f3n - ES | Greenpeace Espa\u00f1a","robots":{"index":"index","follow":"follow","max-snippet":"max-snippet:-1","max-image-preview":"max-image-preview:large","max-video-preview":"max-video-preview:-1"},"canonical":"https:\/\/es.greenpeace.org\/es\/quienes-somos\/informes-anuales\/informe-anual-2020\/carta-de-la-direccion-greenpeace-2020\/","og_locale":"es_ES","og_type":"article","og_title":"Carta de la direcci\u00f3n - ES | Greenpeace Espa\u00f1a","og_description":"Este 2020 ha sido un a\u00f1o que no olvidaremos. La pandemia de la COVID ha sido el resultado de la presi\u00f3n que ejercemos sobre la naturaleza y ha puesto de manifiesto la necesidad urgente de cambiar nuestro modelo econ\u00f3mico y social. Los planes que ten\u00edamos inicialmente se vieron alterados, pero desde Greenpeace nos adaptamos a [&hellip;]","og_url":"https:\/\/es.greenpeace.org\/es\/quienes-somos\/informes-anuales\/informe-anual-2020\/carta-de-la-direccion-greenpeace-2020\/","og_site_name":"ES | Greenpeace Espa\u00f1a","article_publisher":"https:\/\/www.facebook.com\/greenpeace.spain","og_image":[{"width":2560,"height":1430,"url":"https:\/\/es.greenpeace.org\/es\/wp-content\/uploads\/sites\/3\/2021\/07\/carta-direccion-1-scaled.jpg","type":"image\/jpeg"}],"twitter_card":"summary_large_image","twitter_site":"@greenpeace_esp","twitter_misc":{"Tiempo de lectura":"4 minutos"},"schema":{"@context":"https:\/\/schema.org","@graph":[{"@type":"WebPage","@id":"https:\/\/es.greenpeace.org\/es\/quienes-somos\/informes-anuales\/informe-anual-2020\/carta-de-la-direccion-greenpeace-2020\/","url":"https:\/\/es.greenpeace.org\/es\/quienes-somos\/informes-anuales\/informe-anual-2020\/carta-de-la-direccion-greenpeace-2020\/","name":"Carta de la direcci\u00f3n - ES | Greenpeace Espa\u00f1a","isPartOf":{"@id":"https:\/\/es.greenpeace.org\/es\/#website"},"primaryImageOfPage":{"@id":"https:\/\/es.greenpeace.org\/es\/quienes-somos\/informes-anuales\/informe-anual-2020\/carta-de-la-direccion-greenpeace-2020\/#primaryimage"},"image":{"@id":"https:\/\/es.greenpeace.org\/es\/quienes-somos\/informes-anuales\/informe-anual-2020\/carta-de-la-direccion-greenpeace-2020\/#primaryimage"},"thumbnailUrl":"https:\/\/es.greenpeace.org\/es\/wp-content\/uploads\/sites\/3\/2021\/07\/carta-direccion-1-scaled.jpg","datePublished":"2021-07-19T08:55:51+00:00","breadcrumb":{"@id":"https:\/\/es.greenpeace.org\/es\/quienes-somos\/informes-anuales\/informe-anual-2020\/carta-de-la-direccion-greenpeace-2020\/#breadcrumb"},"inLanguage":"es","potentialAction":[{"@type":"ReadAction","target":["https:\/\/es.greenpeace.org\/es\/quienes-somos\/informes-anuales\/informe-anual-2020\/carta-de-la-direccion-greenpeace-2020\/"]}]},{"@type":"ImageObject","inLanguage":"es","@id":"https:\/\/es.greenpeace.org\/es\/quienes-somos\/informes-anuales\/informe-anual-2020\/carta-de-la-direccion-greenpeace-2020\/#primaryimage","url":"https:\/\/es.greenpeace.org\/es\/wp-content\/uploads\/sites\/3\/2021\/07\/carta-direccion-1-scaled.jpg","contentUrl":"https:\/\/es.greenpeace.org\/es\/wp-content\/uploads\/sites\/3\/2021\/07\/carta-direccion-1-scaled.jpg","width":2560,"height":1430,"caption":"El buque MV Greenpeace. \u00a9Greenpeace Imagen no documentada, la informaci\u00f3n contenida en los metadatos era insuficiente o nula."},{"@type":"BreadcrumbList","@id":"https:\/\/es.greenpeace.org\/es\/quienes-somos\/informes-anuales\/informe-anual-2020\/carta-de-la-direccion-greenpeace-2020\/#breadcrumb","itemListElement":[{"@type":"ListItem","position":1,"name":"Home","item":"https:\/\/es.greenpeace.org\/es\/"},{"@type":"ListItem","position":2,"name":"Qui\u00e9nes somos","item":"https:\/\/es.greenpeace.org\/es\/quienes-somos\/"},{"@type":"ListItem","position":3,"name":"Informes anuales","item":"https:\/\/es.greenpeace.org\/es\/quienes-somos\/informes-anuales\/"},{"@type":"ListItem","position":4,"name":"Informe anual 2020","item":"https:\/\/es.greenpeace.org\/es\/quienes-somos\/informes-anuales\/informe-anual-2020\/"},{"@type":"ListItem","position":5,"name":"Carta de la direcci\u00f3n"}]},{"@type":"WebSite","@id":"https:\/\/es.greenpeace.org\/es\/#website","url":"https:\/\/es.greenpeace.org\/es\/","name":"Greenpeace Espa\u00f1a","description":"","publisher":{"@id":"https:\/\/es.greenpeace.org\/es\/#organization"},"potentialAction":[{"@type":"SearchAction","target":{"@type":"EntryPoint","urlTemplate":"https:\/\/es.greenpeace.org\/es\/?s={search_term_string}"},"query-input":{"@type":"PropertyValueSpecification","valueRequired":true,"valueName":"search_term_string"}}],"inLanguage":"es"},{"@type":"Organization","@id":"https:\/\/es.greenpeace.org\/es\/#organization","name":"Greenpeace Espa\u00f1a","alternateName":"Greenpeace","url":"https:\/\/es.greenpeace.org\/es\/","logo":{"@type":"ImageObject","inLanguage":"es","@id":"https:\/\/es.greenpeace.org\/es\/#\/schema\/logo\/image\/","url":"https:\/\/es.greenpeace.org\/es\/wp-content\/uploads\/sites\/3\/2024\/07\/greenpeace-logo-verde.svg","contentUrl":"https:\/\/es.greenpeace.org\/es\/wp-content\/uploads\/sites\/3\/2024\/07\/greenpeace-logo-verde.svg","width":1,"height":1,"caption":"Greenpeace Espa\u00f1a"},"image":{"@id":"https:\/\/es.greenpeace.org\/es\/#\/schema\/logo\/image\/"},"sameAs":["https:\/\/www.facebook.com\/greenpeace.spain","https:\/\/x.com\/greenpeace_esp","https:\/\/www.instagram.com\/greenpeace_esp\/"]}]}},"_links":{"self":[{"href":"https:\/\/es.greenpeace.org\/es\/wp-json\/wp\/v2\/pages\/35191","targetHints":{"allow":["GET"]}}],"collection":[{"href":"https:\/\/es.greenpeace.org\/es\/wp-json\/wp\/v2\/pages"}],"about":[{"href":"https:\/\/es.greenpeace.org\/es\/wp-json\/wp\/v2\/types\/page"}],"author":[{"embeddable":true,"href":"https:\/\/es.greenpeace.org\/es\/wp-json\/wp\/v2\/users\/68"}],"replies":[{"embeddable":true,"href":"https:\/\/es.greenpeace.org\/es\/wp-json\/wp\/v2\/comments?post=35191"}],"version-history":[{"count":10,"href":"https:\/\/es.greenpeace.org\/es\/wp-json\/wp\/v2\/pages\/35191\/revisions"}],"predecessor-version":[{"id":35364,"href":"https:\/\/es.greenpeace.org\/es\/wp-json\/wp\/v2\/pages\/35191\/revisions\/35364"}],"up":[{"embeddable":true,"href":"https:\/\/es.greenpeace.org\/es\/wp-json\/wp\/v2\/pages\/35124"}],"wp:featuredmedia":[{"embeddable":true,"href":"https:\/\/es.greenpeace.org\/es\/wp-json\/wp\/v2\/media\/35192"}],"wp:attachment":[{"href":"https:\/\/es.greenpeace.org\/es\/wp-json\/wp\/v2\/media?parent=35191"}],"wp:term":[{"taxonomy":"category","embeddable":true,"href":"https:\/\/es.greenpeace.org\/es\/wp-json\/wp\/v2\/categories?post=35191"},{"taxonomy":"post_tag","embeddable":true,"href":"https:\/\/es.greenpeace.org\/es\/wp-json\/wp\/v2\/tags?post=35191"}],"curies":[{"name":"wp","href":"https:\/\/api.w.org\/{rel}","templated":true}]}}