{"id":43666,"date":"2022-07-04T13:46:15","date_gmt":"2022-07-04T11:46:15","guid":{"rendered":"https:\/\/es.greenpeace.org\/es\/?page_id=43666"},"modified":"2022-07-04T13:59:40","modified_gmt":"2022-07-04T11:59:40","slug":"carta-de-la-direccion","status":"publish","type":"page","link":"https:\/\/es.greenpeace.org\/es\/quienes-somos\/informes-anuales\/informe-anual-2021\/carta-de-la-direccion\/","title":{"rendered":"Carta de la direcci\u00f3n"},"content":{"rendered":"<p><span style=\"font-weight: 400;\">En 2021 recibimos un \u2018C\u00f3digo rojo para la humanidad\u2019 por parte de la comunidad cient\u00edfica. La ciencia volvi\u00f3 a ser ignorada y los l\u00edderes pol\u00edticos reunidos en la COP26 de Glasgow siguieron sin dar pasos valientes hacia el abandono real de los combustibles f\u00f3siles. Se aprob\u00f3 una Ley nacional de cambio clim\u00e1tico d\u00e9bil y fuimos testigos de espantosos episodios que agravan la p\u00e9rdida de biodiversidad.<\/span><\/p>\n<p><span style=\"font-weight: 400;\">Necesitamos una transformaci\u00f3n radical del sistema socioecon\u00f3mico asentada en el cuidado del planeta y de las personas. Por eso, durante 2021 insistimos una y otra vez en la importancia de emplear el dinero de Europa para impulsar proyectos y pol\u00edticas ecofeministas y justas, que avancen en el cambio de este modelo obsoleto. Y a d\u00eda de hoy seguimos vigilantes.<\/span><\/p>\n<p><span style=\"font-weight: 400;\">Pero el pasado a\u00f1o tambi\u00e9n hubo espacio para celebrar algunas <strong>victorias<\/strong> gracias a todas las personas que nos apoyan. Estas fueron algunas de ellas:<\/span><\/p>\n<ul>\n<li style=\"font-weight: 400;\" aria-level=\"1\"><span style=\"font-weight: 400;\">La <\/span><b>energ\u00eda e\u00f3lica<\/b><span style=\"font-weight: 400;\"> termin\u00f3 2021 como la <\/span><b>primera fuente de electricidad<\/b><span style=\"font-weight: 400;\"> en Espa\u00f1a, superando a la nuclear por primera vez desde 2013.<\/span><\/li>\n<li style=\"font-weight: 400;\" aria-level=\"1\"><span style=\"font-weight: 400;\">El Gobierno anunci\u00f3 la <\/span><b>paralizaci\u00f3n de la ampliaci\u00f3n del aeropuerto de Barcelona<\/b><span style=\"font-weight: 400;\">. La decisi\u00f3n lleg\u00f3 despu\u00e9s de que las organizaciones ecologistas denunci\u00e1ramos durante meses el impacto que el proyecto tendr\u00eda para el clima y la biodiversidad.<\/span><\/li>\n<li style=\"font-weight: 400;\" aria-level=\"1\"><span style=\"font-weight: 400;\">La Confederaci\u00f3n Hidrogr\u00e1fica del Duero <\/span><b>deneg\u00f3 la solicitud de la empresa Valle de Odieta <\/b><span style=\"font-weight: 400;\">para investigar la viabilidad de usar las aguas subterr\u00e1neas de Noviercas (Soria) en una <\/span><b>futura macrogranja<\/b><span style=\"font-weight: 400;\">, que, de construirse, ser\u00eda la mayor de vacuno de leche de la UE.<\/span><\/li>\n<li style=\"font-weight: 400;\" aria-level=\"1\"><span style=\"font-weight: 400;\">La Audiencia Nacional nos dio la raz\u00f3n y <\/span><b>anul\u00f3 la pr\u00f3rroga de 60 a\u00f1os concedida a Ence <\/b><span style=\"font-weight: 400;\">por el Gobierno en funciones de Mariano Rajoy en 2016. La decisi\u00f3n abri\u00f3 la puerta para que Ence salga de la r\u00eda de Pontevedra lo antes posible.<\/span><\/li>\n<li style=\"font-weight: 400;\" aria-level=\"1\"><span style=\"font-weight: 400;\">El <\/span><b>Consejo de Seguridad Nuclear (CSN) deneg\u00f3 la autorizaci\u00f3n<\/b><span style=\"font-weight: 400;\"> de construcci\u00f3n de la planta de fabricaci\u00f3n de concentrados de uranio en Retortillo, en Salamanca. El anuncio supuso el fin de la miner\u00eda de uranio en Espa\u00f1a.<\/span><\/li>\n<li style=\"font-weight: 400;\" aria-level=\"1\"><span style=\"font-weight: 400;\">Por primera vez, un tribunal holand\u00e9s dictamin\u00f3 que <\/span><b>la petrolera Shell es responsable de da\u00f1ar el clima<\/b><span style=\"font-weight: 400;\"> y le orden\u00f3 reducir sus emisiones de carbono en toda su cadena de suministro.<\/span><\/li>\n<li style=\"font-weight: 400;\" aria-level=\"1\"><span style=\"font-weight: 400;\">En febrero, un total de <\/span><b>62 pa\u00edses<\/b><span style=\"font-weight: 400;\">, entre los que por fin se encontraba Estados Unidos, asumieron el compromiso de <\/span><b>proteger el 30% de los oc\u00e9anos antes de 2030<\/b><span style=\"font-weight: 400;\"> en un Tratado Global para los Oc\u00e9anos. A d\u00eda de hoy ya son 100 pa\u00edses los que se han comprometido. Ahora falta ver si ese compromiso se materializa en un acuerdo s\u00f3lido en la \u00faltima ronda de negociaciones que tendr\u00e1 lugar este mes de agosto en la ONU.<\/span><\/li>\n<\/ul>\n<p><span style=\"font-weight: 400;\"><strong>A nivel interno, 2021 fue un a\u00f1o de cambios<\/strong>. En el mes de marzo, como Junta Directiva de la organizaci\u00f3n nombramos a Eva Salda\u00f1a Buenache nueva directora ejecutiva, cargo del que tom\u00f3 posesi\u00f3n en mayo. \u00a1Y pasaron muchas m\u00e1s cosas!<\/span><\/p>\n<ul>\n<li style=\"font-weight: 400;\" aria-level=\"1\"><span style=\"font-weight: 400;\">Se definieron los <strong>tres grandes retos organizacionales<\/strong> hacia los que dirigir los esfuerzos los pr\u00f3ximos a\u00f1os y que se resumen en: a) darle la vuelta al sistema; b) crear una comunidad de acci\u00f3n pol\u00edtica capaz de activar al 3,5% de la ciudadan\u00eda; y c) impulsar una cultura evolutiva ecofeminista.\u00a0<\/span><\/li>\n<li style=\"font-weight: 400;\" aria-level=\"1\"><span style=\"font-weight: 400;\">Se crearon algunas \u00e1reas nuevas para reforzar el impacto de la organizaci\u00f3n: un \u00e1rea de <strong>Calidad e Impacto organizacional<\/strong> enfocada en dirigir los esfuerzos de una planificaci\u00f3n inclusiva e integrada, un \u00e1rea <strong>REACT<\/strong>, Respuesta \u00c1gil, Coordinada y Transversal frente a eventos clim\u00e1ticos y\/u otros desastres ambientales y sociales, un \u00e1rea de <strong>Desarrollo Tecnol\u00f3gico<\/strong>, para potenciar la transformaci\u00f3n digital de la organizaci\u00f3n, un \u00e1rea de <strong>Alianzas<\/strong>, para fortalecer el trabajo con otros actores sociales y un \u00e1rea de <strong>Ecofeminismo<\/strong> para consolidar el magn\u00edfico trabajo que el equipo de G\u00e9nero ven\u00eda trabajando desde hace a\u00f1os.\u00a0<\/span><\/li>\n<li style=\"font-weight: 400;\" aria-level=\"1\"><span style=\"font-weight: 400;\">Se unieron a Greenpeace 19.948 personas y cerramos 2021 con <strong>147.826 socias y socios<\/strong>.<\/span><\/li>\n<li style=\"font-weight: 400;\" aria-level=\"1\"><span style=\"font-weight: 400;\">La <strong>Escuela de Activismo<\/strong> se consolid\u00f3 como un espacio de formaci\u00f3n y trabajo en alianzas, con <\/span><b>21 acciones formativas<\/b><span style=\"font-weight: 400;\">, cinco de ellas campamentos de activismo descentralizados, que terminaron en alg\u00fan tipo de acci\u00f3n. En total participaron <\/span>760 personas<b>,<\/b><span style=\"font-weight: 400;\"> 416 de Greenpeace y 354 de otros colectivos.<\/span> <span style=\"font-weight: 400;\">Tambi\u00e9n incrementamos la base social de la escuela en un 44%, pasando de 934 personas a 1.348.<\/span><\/li>\n<li style=\"font-weight: 400;\" aria-level=\"1\"><span style=\"font-weight: 400;\"><strong>Redise\u00f1amos la revista GPM<\/strong> para introducir contenidos en profundidad sobre nuestras campa\u00f1as y fomentar la participaci\u00f3n de nuestros socios y socias a otros niveles.<\/span><\/li>\n<li style=\"font-weight: 400;\" aria-level=\"1\"><span style=\"font-weight: 400;\">Entregamos el premio Artemio Precioso a la doctora <strong>Jane Goodall<\/strong> en reconocimiento a una vida de trabajo dedicada a la protecci\u00f3n de la naturaleza.<\/span><\/li>\n<li style=\"font-weight: 400;\" aria-level=\"1\"><span style=\"font-weight: 400;\">Reactivamos la <strong>actividad presencial<\/strong> tras la pandemia, con cautela y con el convencimiento y compromiso con nuestras soluciones a la crisis ecosocial a la que nos enfrentamos.<\/span><\/li>\n<\/ul>\n<p><span style=\"font-weight: 400;\">En 2022, una nueva crisis, la de la guerra en Ucrania, con retrocesos socioambientales importantes y mostrando claramente la ruptura del sistema energ\u00e9tico y el agroalimentario que van en contra de la vida, nos hace constatar que, en momentos de dificultad, las personas en situaci\u00f3n de vulnerabilidad son siempre las que m\u00e1s sufren, y eso tambi\u00e9n pasa y pasar\u00e1 m\u00e1s con el cambio clim\u00e1tico. En la construcci\u00f3n de un nuevo sistema y una sociedad m\u00e1s sostenible, en equilibrio con la naturaleza y asentada sobre la justicia social, sabemos que contamos con todas las personas que nos apoy\u00e1is y lider\u00e1is el cambio a nuestro lado. Es m\u00e1s importante que nunca.<\/span><\/p>\n<p style=\"text-align: right;\"><strong>El Consejo, la Junta Directiva y la directora ejecutiva de Greenpeace Espa\u00f1a<\/strong><\/p>\n","protected":false},"excerpt":{"rendered":"<p>En 2021 recibimos un \u2018C\u00f3digo rojo para la humanidad\u2019 por parte de la comunidad cient\u00edfica. La ciencia volvi\u00f3 a ser ignorada y los l\u00edderes pol\u00edticos reunidos en la COP26 de Glasgow siguieron sin dar pasos valientes hacia el abandono real de los combustibles f\u00f3siles. Se aprob\u00f3 una Ley nacional de cambio clim\u00e1tico d\u00e9bil y fuimos [&hellip;]<\/p>\n","protected":false},"author":58,"featured_media":43671,"parent":43750,"menu_order":0,"comment_status":"closed","ping_status":"closed","template":"template-generic-acf.php","meta":{"_acf_changed":false,"footnotes":""},"categories":[4],"tags":[],"class_list":["post-43666","page","type-page","status-publish","has-post-thumbnail","hentry","category-general"],"acf":[],"yoast_head":"<!-- This site is optimized with the Yoast SEO plugin v27.1.1 - https:\/\/yoast.com\/product\/yoast-seo-wordpress\/ -->\n<title>Carta de la direcci\u00f3n - ES | Greenpeace Espa\u00f1a<\/title>\n<meta name=\"robots\" content=\"index, follow, max-snippet:-1, max-image-preview:large, max-video-preview:-1\" \/>\n<link rel=\"canonical\" href=\"https:\/\/es.greenpeace.org\/es\/quienes-somos\/informes-anuales\/informe-anual-2021\/carta-de-la-direccion\/\" \/>\n<meta property=\"og:locale\" content=\"es_ES\" \/>\n<meta property=\"og:type\" content=\"article\" \/>\n<meta property=\"og:title\" content=\"Carta de la direcci\u00f3n - ES | Greenpeace Espa\u00f1a\" \/>\n<meta property=\"og:description\" content=\"En 2021 recibimos un \u2018C\u00f3digo rojo para la humanidad\u2019 por parte de la comunidad cient\u00edfica. La ciencia volvi\u00f3 a ser ignorada y los l\u00edderes pol\u00edticos reunidos en la COP26 de Glasgow siguieron sin dar pasos valientes hacia el abandono real de los combustibles f\u00f3siles. Se aprob\u00f3 una Ley nacional de cambio clim\u00e1tico d\u00e9bil y fuimos [&hellip;]\" \/>\n<meta property=\"og:url\" content=\"https:\/\/es.greenpeace.org\/es\/quienes-somos\/informes-anuales\/informe-anual-2021\/carta-de-la-direccion\/\" \/>\n<meta property=\"og:site_name\" content=\"ES | Greenpeace Espa\u00f1a\" \/>\n<meta property=\"article:publisher\" content=\"https:\/\/www.facebook.com\/greenpeace.spain\" \/>\n<meta property=\"article:modified_time\" content=\"2022-07-04T11:59:40+00:00\" \/>\n<meta property=\"og:image\" content=\"https:\/\/es.greenpeace.org\/es\/wp-content\/uploads\/sites\/3\/2022\/06\/carta-direccion-1.jpeg\" \/>\n\t<meta property=\"og:image:width\" content=\"1500\" \/>\n\t<meta property=\"og:image:height\" content=\"1000\" \/>\n\t<meta property=\"og:image:type\" content=\"image\/jpeg\" \/>\n<meta name=\"twitter:card\" content=\"summary_large_image\" \/>\n<meta name=\"twitter:site\" content=\"@greenpeace_esp\" \/>\n<meta name=\"twitter:label1\" content=\"Tiempo de lectura\" \/>\n\t<meta name=\"twitter:data1\" content=\"5 minutos\" \/>\n<script type=\"application\/ld+json\" class=\"yoast-schema-graph\">{\"@context\":\"https:\/\/schema.org\",\"@graph\":[{\"@type\":\"WebPage\",\"@id\":\"https:\/\/es.greenpeace.org\/es\/quienes-somos\/informes-anuales\/informe-anual-2021\/carta-de-la-direccion\/\",\"url\":\"https:\/\/es.greenpeace.org\/es\/quienes-somos\/informes-anuales\/informe-anual-2021\/carta-de-la-direccion\/\",\"name\":\"Carta de la direcci\u00f3n - ES | Greenpeace Espa\u00f1a\",\"isPartOf\":{\"@id\":\"https:\/\/es.greenpeace.org\/es\/#website\"},\"primaryImageOfPage\":{\"@id\":\"https:\/\/es.greenpeace.org\/es\/quienes-somos\/informes-anuales\/informe-anual-2021\/carta-de-la-direccion\/#primaryimage\"},\"image\":{\"@id\":\"https:\/\/es.greenpeace.org\/es\/quienes-somos\/informes-anuales\/informe-anual-2021\/carta-de-la-direccion\/#primaryimage\"},\"thumbnailUrl\":\"https:\/\/es.greenpeace.org\/es\/wp-content\/uploads\/sites\/3\/2022\/06\/carta-direccion-1.jpeg\",\"datePublished\":\"2022-07-04T11:46:15+00:00\",\"dateModified\":\"2022-07-04T11:59:40+00:00\",\"breadcrumb\":{\"@id\":\"https:\/\/es.greenpeace.org\/es\/quienes-somos\/informes-anuales\/informe-anual-2021\/carta-de-la-direccion\/#breadcrumb\"},\"inLanguage\":\"es\",\"potentialAction\":[{\"@type\":\"ReadAction\",\"target\":[\"https:\/\/es.greenpeace.org\/es\/quienes-somos\/informes-anuales\/informe-anual-2021\/carta-de-la-direccion\/\"]}]},{\"@type\":\"ImageObject\",\"inLanguage\":\"es\",\"@id\":\"https:\/\/es.greenpeace.org\/es\/quienes-somos\/informes-anuales\/informe-anual-2021\/carta-de-la-direccion\/#primaryimage\",\"url\":\"https:\/\/es.greenpeace.org\/es\/wp-content\/uploads\/sites\/3\/2022\/06\/carta-direccion-1.jpeg\",\"contentUrl\":\"https:\/\/es.greenpeace.org\/es\/wp-content\/uploads\/sites\/3\/2022\/06\/carta-direccion-1.jpeg\",\"width\":1500,\"height\":1000,\"caption\":\"26\/10\/2021. Puerto de Sagunto, Valencia, Comunidad Valenciana, Espa\u00d2a.rrActivistas de Greenpeace han accedido a bordo del buque Esperanza, al puerto de la planta regasificadora de Enag\u00b7s en Sagunto (Valencia) para impedir la entrada del buque gasero Merchant que proviene de Estados Unidos. rrGreenpeace exige a Enag\u00b7s (operadora de la red de gas) y a las empresas energ\u00c8ticas un plan de abandono progresivo del gas f\u00dbsil, tambi\u00c8n llamado con el eufemismo de gas \u00ecnatural\u00ee. rrLos activistas, de 18 nacionalidades distintas, portan pancartas con los mensajes \u00ecEL GAS NO ES EL FUTURO\u00ee y \u00ecNO + GAS\u00ee en espa\u00d2ol y en ingl\u00c8s.rrLa planta de regasificaci\u00dbn junto a la que est\u00b7 anclado el Esperanza, es propiedad de Enagas en un 72,5% y es uno de los puntos calientes de la llamada crisis del gas. rrGreenpeace advierte que ya se est\u00b7n viviendo las consecuencias de esta crisis, tanto en la econom\u00cca global, como en la nacional, afectando a toda la poblaci\u00dbn por los continuos r\u00c8cords de subida de precios en la factura el\u00c8ctrica.rrA esta crisis de precios se le suma, la grave emergencia clim\u00b7tica a la que nos enfrentamos. En concreto, de media, la planta de Sagunto es responsable de unas 4,5 millones de toneladas de emisiones directas anuales de CO2 (las mismas emisiones que casi 1.400.000 coches durante un a\u00d2o).r\u00a9Greenpeace\/Pedro Armestrerr\u00a9Greenpeace Handout\/PedroArmestre- No sales - No Archives - Editorial Use Only - Free use only for 14 days after release. Photo provided by GREENPEACE, distributed handout photo to be used only to illustrate news reporting or commentary on the facts or events depicted in this image.\"},{\"@type\":\"BreadcrumbList\",\"@id\":\"https:\/\/es.greenpeace.org\/es\/quienes-somos\/informes-anuales\/informe-anual-2021\/carta-de-la-direccion\/#breadcrumb\",\"itemListElement\":[{\"@type\":\"ListItem\",\"position\":1,\"name\":\"Home\",\"item\":\"https:\/\/es.greenpeace.org\/es\/\"},{\"@type\":\"ListItem\",\"position\":2,\"name\":\"Qui\u00e9nes somos\",\"item\":\"https:\/\/es.greenpeace.org\/es\/quienes-somos\/\"},{\"@type\":\"ListItem\",\"position\":3,\"name\":\"Informes anuales\",\"item\":\"https:\/\/es.greenpeace.org\/es\/quienes-somos\/informes-anuales\/\"},{\"@type\":\"ListItem\",\"position\":4,\"name\":\"Informe anual 2021\",\"item\":\"https:\/\/es.greenpeace.org\/es\/quienes-somos\/informes-anuales\/informe-anual-2021\/\"},{\"@type\":\"ListItem\",\"position\":5,\"name\":\"Carta de la direcci\u00f3n\"}]},{\"@type\":\"WebSite\",\"@id\":\"https:\/\/es.greenpeace.org\/es\/#website\",\"url\":\"https:\/\/es.greenpeace.org\/es\/\",\"name\":\"Greenpeace Espa\u00f1a\",\"description\":\"\",\"publisher\":{\"@id\":\"https:\/\/es.greenpeace.org\/es\/#organization\"},\"potentialAction\":[{\"@type\":\"SearchAction\",\"target\":{\"@type\":\"EntryPoint\",\"urlTemplate\":\"https:\/\/es.greenpeace.org\/es\/?s={search_term_string}\"},\"query-input\":{\"@type\":\"PropertyValueSpecification\",\"valueRequired\":true,\"valueName\":\"search_term_string\"}}],\"inLanguage\":\"es\"},{\"@type\":\"Organization\",\"@id\":\"https:\/\/es.greenpeace.org\/es\/#organization\",\"name\":\"Greenpeace Espa\u00f1a\",\"alternateName\":\"Greenpeace\",\"url\":\"https:\/\/es.greenpeace.org\/es\/\",\"logo\":{\"@type\":\"ImageObject\",\"inLanguage\":\"es\",\"@id\":\"https:\/\/es.greenpeace.org\/es\/#\/schema\/logo\/image\/\",\"url\":\"https:\/\/es.greenpeace.org\/es\/wp-content\/uploads\/sites\/3\/2024\/07\/greenpeace-logo-verde.svg\",\"contentUrl\":\"https:\/\/es.greenpeace.org\/es\/wp-content\/uploads\/sites\/3\/2024\/07\/greenpeace-logo-verde.svg\",\"width\":1,\"height\":1,\"caption\":\"Greenpeace Espa\u00f1a\"},\"image\":{\"@id\":\"https:\/\/es.greenpeace.org\/es\/#\/schema\/logo\/image\/\"},\"sameAs\":[\"https:\/\/www.facebook.com\/greenpeace.spain\",\"https:\/\/x.com\/greenpeace_esp\",\"https:\/\/www.instagram.com\/greenpeace_esp\/\"]}]}<\/script>\n<!-- \/ Yoast SEO plugin. -->","yoast_head_json":{"title":"Carta de la direcci\u00f3n - ES | Greenpeace Espa\u00f1a","robots":{"index":"index","follow":"follow","max-snippet":"max-snippet:-1","max-image-preview":"max-image-preview:large","max-video-preview":"max-video-preview:-1"},"canonical":"https:\/\/es.greenpeace.org\/es\/quienes-somos\/informes-anuales\/informe-anual-2021\/carta-de-la-direccion\/","og_locale":"es_ES","og_type":"article","og_title":"Carta de la direcci\u00f3n - ES | Greenpeace Espa\u00f1a","og_description":"En 2021 recibimos un \u2018C\u00f3digo rojo para la humanidad\u2019 por parte de la comunidad cient\u00edfica. La ciencia volvi\u00f3 a ser ignorada y los l\u00edderes pol\u00edticos reunidos en la COP26 de Glasgow siguieron sin dar pasos valientes hacia el abandono real de los combustibles f\u00f3siles. Se aprob\u00f3 una Ley nacional de cambio clim\u00e1tico d\u00e9bil y fuimos [&hellip;]","og_url":"https:\/\/es.greenpeace.org\/es\/quienes-somos\/informes-anuales\/informe-anual-2021\/carta-de-la-direccion\/","og_site_name":"ES | Greenpeace Espa\u00f1a","article_publisher":"https:\/\/www.facebook.com\/greenpeace.spain","article_modified_time":"2022-07-04T11:59:40+00:00","og_image":[{"width":1500,"height":1000,"url":"https:\/\/es.greenpeace.org\/es\/wp-content\/uploads\/sites\/3\/2022\/06\/carta-direccion-1.jpeg","type":"image\/jpeg"}],"twitter_card":"summary_large_image","twitter_site":"@greenpeace_esp","twitter_misc":{"Tiempo de lectura":"5 minutos"},"schema":{"@context":"https:\/\/schema.org","@graph":[{"@type":"WebPage","@id":"https:\/\/es.greenpeace.org\/es\/quienes-somos\/informes-anuales\/informe-anual-2021\/carta-de-la-direccion\/","url":"https:\/\/es.greenpeace.org\/es\/quienes-somos\/informes-anuales\/informe-anual-2021\/carta-de-la-direccion\/","name":"Carta de la direcci\u00f3n - ES | Greenpeace Espa\u00f1a","isPartOf":{"@id":"https:\/\/es.greenpeace.org\/es\/#website"},"primaryImageOfPage":{"@id":"https:\/\/es.greenpeace.org\/es\/quienes-somos\/informes-anuales\/informe-anual-2021\/carta-de-la-direccion\/#primaryimage"},"image":{"@id":"https:\/\/es.greenpeace.org\/es\/quienes-somos\/informes-anuales\/informe-anual-2021\/carta-de-la-direccion\/#primaryimage"},"thumbnailUrl":"https:\/\/es.greenpeace.org\/es\/wp-content\/uploads\/sites\/3\/2022\/06\/carta-direccion-1.jpeg","datePublished":"2022-07-04T11:46:15+00:00","dateModified":"2022-07-04T11:59:40+00:00","breadcrumb":{"@id":"https:\/\/es.greenpeace.org\/es\/quienes-somos\/informes-anuales\/informe-anual-2021\/carta-de-la-direccion\/#breadcrumb"},"inLanguage":"es","potentialAction":[{"@type":"ReadAction","target":["https:\/\/es.greenpeace.org\/es\/quienes-somos\/informes-anuales\/informe-anual-2021\/carta-de-la-direccion\/"]}]},{"@type":"ImageObject","inLanguage":"es","@id":"https:\/\/es.greenpeace.org\/es\/quienes-somos\/informes-anuales\/informe-anual-2021\/carta-de-la-direccion\/#primaryimage","url":"https:\/\/es.greenpeace.org\/es\/wp-content\/uploads\/sites\/3\/2022\/06\/carta-direccion-1.jpeg","contentUrl":"https:\/\/es.greenpeace.org\/es\/wp-content\/uploads\/sites\/3\/2022\/06\/carta-direccion-1.jpeg","width":1500,"height":1000,"caption":"26\/10\/2021. Puerto de Sagunto, Valencia, Comunidad Valenciana, Espa\u00d2a.rrActivistas de Greenpeace han accedido a bordo del buque Esperanza, al puerto de la planta regasificadora de Enag\u00b7s en Sagunto (Valencia) para impedir la entrada del buque gasero Merchant que proviene de Estados Unidos. rrGreenpeace exige a Enag\u00b7s (operadora de la red de gas) y a las empresas energ\u00c8ticas un plan de abandono progresivo del gas f\u00dbsil, tambi\u00c8n llamado con el eufemismo de gas \u00ecnatural\u00ee. rrLos activistas, de 18 nacionalidades distintas, portan pancartas con los mensajes \u00ecEL GAS NO ES EL FUTURO\u00ee y \u00ecNO + GAS\u00ee en espa\u00d2ol y en ingl\u00c8s.rrLa planta de regasificaci\u00dbn junto a la que est\u00b7 anclado el Esperanza, es propiedad de Enagas en un 72,5% y es uno de los puntos calientes de la llamada crisis del gas. rrGreenpeace advierte que ya se est\u00b7n viviendo las consecuencias de esta crisis, tanto en la econom\u00cca global, como en la nacional, afectando a toda la poblaci\u00dbn por los continuos r\u00c8cords de subida de precios en la factura el\u00c8ctrica.rrA esta crisis de precios se le suma, la grave emergencia clim\u00b7tica a la que nos enfrentamos. En concreto, de media, la planta de Sagunto es responsable de unas 4,5 millones de toneladas de emisiones directas anuales de CO2 (las mismas emisiones que casi 1.400.000 coches durante un a\u00d2o).r\u00a9Greenpeace\/Pedro Armestrerr\u00a9Greenpeace Handout\/PedroArmestre- No sales - No Archives - Editorial Use Only - Free use only for 14 days after release. Photo provided by GREENPEACE, distributed handout photo to be used only to illustrate news reporting or commentary on the facts or events depicted in this image."},{"@type":"BreadcrumbList","@id":"https:\/\/es.greenpeace.org\/es\/quienes-somos\/informes-anuales\/informe-anual-2021\/carta-de-la-direccion\/#breadcrumb","itemListElement":[{"@type":"ListItem","position":1,"name":"Home","item":"https:\/\/es.greenpeace.org\/es\/"},{"@type":"ListItem","position":2,"name":"Qui\u00e9nes somos","item":"https:\/\/es.greenpeace.org\/es\/quienes-somos\/"},{"@type":"ListItem","position":3,"name":"Informes anuales","item":"https:\/\/es.greenpeace.org\/es\/quienes-somos\/informes-anuales\/"},{"@type":"ListItem","position":4,"name":"Informe anual 2021","item":"https:\/\/es.greenpeace.org\/es\/quienes-somos\/informes-anuales\/informe-anual-2021\/"},{"@type":"ListItem","position":5,"name":"Carta de la direcci\u00f3n"}]},{"@type":"WebSite","@id":"https:\/\/es.greenpeace.org\/es\/#website","url":"https:\/\/es.greenpeace.org\/es\/","name":"Greenpeace Espa\u00f1a","description":"","publisher":{"@id":"https:\/\/es.greenpeace.org\/es\/#organization"},"potentialAction":[{"@type":"SearchAction","target":{"@type":"EntryPoint","urlTemplate":"https:\/\/es.greenpeace.org\/es\/?s={search_term_string}"},"query-input":{"@type":"PropertyValueSpecification","valueRequired":true,"valueName":"search_term_string"}}],"inLanguage":"es"},{"@type":"Organization","@id":"https:\/\/es.greenpeace.org\/es\/#organization","name":"Greenpeace Espa\u00f1a","alternateName":"Greenpeace","url":"https:\/\/es.greenpeace.org\/es\/","logo":{"@type":"ImageObject","inLanguage":"es","@id":"https:\/\/es.greenpeace.org\/es\/#\/schema\/logo\/image\/","url":"https:\/\/es.greenpeace.org\/es\/wp-content\/uploads\/sites\/3\/2024\/07\/greenpeace-logo-verde.svg","contentUrl":"https:\/\/es.greenpeace.org\/es\/wp-content\/uploads\/sites\/3\/2024\/07\/greenpeace-logo-verde.svg","width":1,"height":1,"caption":"Greenpeace Espa\u00f1a"},"image":{"@id":"https:\/\/es.greenpeace.org\/es\/#\/schema\/logo\/image\/"},"sameAs":["https:\/\/www.facebook.com\/greenpeace.spain","https:\/\/x.com\/greenpeace_esp","https:\/\/www.instagram.com\/greenpeace_esp\/"]}]}},"_links":{"self":[{"href":"https:\/\/es.greenpeace.org\/es\/wp-json\/wp\/v2\/pages\/43666","targetHints":{"allow":["GET"]}}],"collection":[{"href":"https:\/\/es.greenpeace.org\/es\/wp-json\/wp\/v2\/pages"}],"about":[{"href":"https:\/\/es.greenpeace.org\/es\/wp-json\/wp\/v2\/types\/page"}],"author":[{"embeddable":true,"href":"https:\/\/es.greenpeace.org\/es\/wp-json\/wp\/v2\/users\/58"}],"replies":[{"embeddable":true,"href":"https:\/\/es.greenpeace.org\/es\/wp-json\/wp\/v2\/comments?post=43666"}],"version-history":[{"count":8,"href":"https:\/\/es.greenpeace.org\/es\/wp-json\/wp\/v2\/pages\/43666\/revisions"}],"predecessor-version":[{"id":43905,"href":"https:\/\/es.greenpeace.org\/es\/wp-json\/wp\/v2\/pages\/43666\/revisions\/43905"}],"up":[{"embeddable":true,"href":"https:\/\/es.greenpeace.org\/es\/wp-json\/wp\/v2\/pages\/43750"}],"wp:featuredmedia":[{"embeddable":true,"href":"https:\/\/es.greenpeace.org\/es\/wp-json\/wp\/v2\/media\/43671"}],"wp:attachment":[{"href":"https:\/\/es.greenpeace.org\/es\/wp-json\/wp\/v2\/media?parent=43666"}],"wp:term":[{"taxonomy":"category","embeddable":true,"href":"https:\/\/es.greenpeace.org\/es\/wp-json\/wp\/v2\/categories?post=43666"},{"taxonomy":"post_tag","embeddable":true,"href":"https:\/\/es.greenpeace.org\/es\/wp-json\/wp\/v2\/tags?post=43666"}],"curies":[{"name":"wp","href":"https:\/\/api.w.org\/{rel}","templated":true}]}}