{"id":43670,"date":"2022-07-04T13:48:42","date_gmt":"2022-07-04T11:48:42","guid":{"rendered":"https:\/\/es.greenpeace.org\/es\/?page_id=43670"},"modified":"2022-07-04T13:48:42","modified_gmt":"2022-07-04T11:48:42","slug":"cambio-climatico-seguimos-sin-decisiones-valientes","status":"publish","type":"page","link":"https:\/\/es.greenpeace.org\/es\/quienes-somos\/informes-anuales\/informe-anual-2021\/cambio-climatico-seguimos-sin-decisiones-valientes\/","title":{"rendered":"Cambio clim\u00e1tico: seguimos sin decisiones valientes"},"content":{"rendered":"<h4>La crisis clim\u00e1tica sigui\u00f3 avanzando durante 2021 y los intentos de frenarla siguieron sin ser decididos ni valientes. Pero tambi\u00e9n hubo espacio para la esperanza.<\/h4>\n<p>&nbsp;<\/p>\n<p>En 2021 asistimos a la esperada aprobaci\u00f3n de la <a href=\"https:\/\/es.greenpeace.org\/es\/sala-de-prensa\/comunicados\/el-congreso-aprueba-una-ley-de-cambio-climatico-descafeinada-y-pierde-una-oportunidad-clave-para-abordar-con-ambicion-la-emergencia-climatica\/\" target=\"_blank\" rel=\"noopener\"><strong>Ley de Cambio Clim\u00e1tico y Transici\u00f3n Energ\u00e9tica<\/strong><\/a> por parte del Congreso de los Diputados. Una ley que quedaba muy lejos de la ambici\u00f3n necesaria para afrontar la emergencia clim\u00e1tica, ya que los objetivos de reducci\u00f3n de emisiones de gases de efecto invernadero no eran suficientes para frenar los peores impactos del cambio clim\u00e1tico. La puerta a los combustibles f\u00f3siles sigui\u00f3 abierta y eso es inadmisible.<\/p>\n<p>Por el camino hubo algunos rayos de esperanza. La energ\u00eda renovable sigui\u00f3 demostr\u00e1ndose como una opci\u00f3n totalmente viable para cubrir la demanda energ\u00e9tica de nuestro pa\u00eds. De hecho, <strong>la energ\u00eda e\u00f3lica super\u00f3 a la nuclear<\/strong> en generaci\u00f3n de electricidad por primera vez desde 2013.<\/p>\n<p>Mientras tanto, en Greenpeace seguimos se\u00f1alando <strong>las causas que nos siguen empujando a una crisis clim\u00e1tica cada vez m\u00e1s desbocada<\/strong>, denunciando a los culpables y los intereses econ\u00f3micos y pol\u00edticos que esconde su inacci\u00f3n.<\/p>\n","protected":false},"excerpt":{"rendered":"<p>La crisis clim\u00e1tica sigui\u00f3 avanzando durante 2021 y los intentos de frenarla siguieron sin ser decididos ni valientes. Pero tambi\u00e9n hubo espacio para la esperanza. &nbsp; En 2021 asistimos a la esperada aprobaci\u00f3n de la Ley de Cambio Clim\u00e1tico y Transici\u00f3n Energ\u00e9tica por parte del Congreso de los Diputados. Una ley que quedaba muy lejos [&hellip;]<\/p>\n","protected":false},"author":58,"featured_media":43673,"parent":43750,"menu_order":0,"comment_status":"closed","ping_status":"closed","template":"template-generic-acf.php","meta":{"_acf_changed":false,"footnotes":""},"categories":[35],"tags":[],"class_list":["post-43670","page","type-page","status-publish","has-post-thumbnail","hentry","category-cambio-climatico"],"acf":[],"yoast_head":"<!-- This site is optimized with the Yoast SEO plugin v27.1.1 - https:\/\/yoast.com\/product\/yoast-seo-wordpress\/ -->\n<title>Cambio clim\u00e1tico: seguimos sin decisiones valientes - ES | Greenpeace Espa\u00f1a<\/title>\n<meta name=\"robots\" content=\"index, follow, max-snippet:-1, max-image-preview:large, max-video-preview:-1\" \/>\n<link rel=\"canonical\" href=\"https:\/\/es.greenpeace.org\/es\/quienes-somos\/informes-anuales\/informe-anual-2021\/cambio-climatico-seguimos-sin-decisiones-valientes\/\" \/>\n<meta property=\"og:locale\" content=\"es_ES\" \/>\n<meta property=\"og:type\" content=\"article\" \/>\n<meta property=\"og:title\" content=\"Cambio clim\u00e1tico: seguimos sin decisiones valientes - ES | Greenpeace Espa\u00f1a\" \/>\n<meta property=\"og:description\" content=\"La crisis clim\u00e1tica sigui\u00f3 avanzando durante 2021 y los intentos de frenarla siguieron sin ser decididos ni valientes. Pero tambi\u00e9n hubo espacio para la esperanza. &nbsp; En 2021 asistimos a la esperada aprobaci\u00f3n de la Ley de Cambio Clim\u00e1tico y Transici\u00f3n Energ\u00e9tica por parte del Congreso de los Diputados. Una ley que quedaba muy lejos [&hellip;]\" \/>\n<meta property=\"og:url\" content=\"https:\/\/es.greenpeace.org\/es\/quienes-somos\/informes-anuales\/informe-anual-2021\/cambio-climatico-seguimos-sin-decisiones-valientes\/\" \/>\n<meta property=\"og:site_name\" content=\"ES | Greenpeace Espa\u00f1a\" \/>\n<meta property=\"article:publisher\" content=\"https:\/\/www.facebook.com\/greenpeace.spain\" \/>\n<meta property=\"og:image\" content=\"https:\/\/es.greenpeace.org\/es\/wp-content\/uploads\/sites\/3\/2022\/06\/calor.jpg\" \/>\n\t<meta property=\"og:image:width\" content=\"1500\" \/>\n\t<meta property=\"og:image:height\" content=\"998\" \/>\n\t<meta property=\"og:image:type\" content=\"image\/jpeg\" \/>\n<meta name=\"twitter:card\" content=\"summary_large_image\" \/>\n<meta name=\"twitter:site\" content=\"@greenpeace_esp\" \/>\n<meta name=\"twitter:label1\" content=\"Tiempo de lectura\" \/>\n\t<meta name=\"twitter:data1\" content=\"1 minuto\" \/>\n<script type=\"application\/ld+json\" class=\"yoast-schema-graph\">{\"@context\":\"https:\/\/schema.org\",\"@graph\":[{\"@type\":\"WebPage\",\"@id\":\"https:\/\/es.greenpeace.org\/es\/quienes-somos\/informes-anuales\/informe-anual-2021\/cambio-climatico-seguimos-sin-decisiones-valientes\/\",\"url\":\"https:\/\/es.greenpeace.org\/es\/quienes-somos\/informes-anuales\/informe-anual-2021\/cambio-climatico-seguimos-sin-decisiones-valientes\/\",\"name\":\"Cambio clim\u00e1tico: seguimos sin decisiones valientes - ES | Greenpeace Espa\u00f1a\",\"isPartOf\":{\"@id\":\"https:\/\/es.greenpeace.org\/es\/#website\"},\"primaryImageOfPage\":{\"@id\":\"https:\/\/es.greenpeace.org\/es\/quienes-somos\/informes-anuales\/informe-anual-2021\/cambio-climatico-seguimos-sin-decisiones-valientes\/#primaryimage\"},\"image\":{\"@id\":\"https:\/\/es.greenpeace.org\/es\/quienes-somos\/informes-anuales\/informe-anual-2021\/cambio-climatico-seguimos-sin-decisiones-valientes\/#primaryimage\"},\"thumbnailUrl\":\"https:\/\/es.greenpeace.org\/es\/wp-content\/uploads\/sites\/3\/2022\/06\/calor.jpg\",\"datePublished\":\"2022-07-04T11:48:42+00:00\",\"breadcrumb\":{\"@id\":\"https:\/\/es.greenpeace.org\/es\/quienes-somos\/informes-anuales\/informe-anual-2021\/cambio-climatico-seguimos-sin-decisiones-valientes\/#breadcrumb\"},\"inLanguage\":\"es\",\"potentialAction\":[{\"@type\":\"ReadAction\",\"target\":[\"https:\/\/es.greenpeace.org\/es\/quienes-somos\/informes-anuales\/informe-anual-2021\/cambio-climatico-seguimos-sin-decisiones-valientes\/\"]}]},{\"@type\":\"ImageObject\",\"inLanguage\":\"es\",\"@id\":\"https:\/\/es.greenpeace.org\/es\/quienes-somos\/informes-anuales\/informe-anual-2021\/cambio-climatico-seguimos-sin-decisiones-valientes\/#primaryimage\",\"url\":\"https:\/\/es.greenpeace.org\/es\/wp-content\/uploads\/sites\/3\/2022\/06\/calor.jpg\",\"contentUrl\":\"https:\/\/es.greenpeace.org\/es\/wp-content\/uploads\/sites\/3\/2022\/06\/calor.jpg\",\"width\":1500,\"height\":998,\"caption\":\"Ola de calor\"},{\"@type\":\"BreadcrumbList\",\"@id\":\"https:\/\/es.greenpeace.org\/es\/quienes-somos\/informes-anuales\/informe-anual-2021\/cambio-climatico-seguimos-sin-decisiones-valientes\/#breadcrumb\",\"itemListElement\":[{\"@type\":\"ListItem\",\"position\":1,\"name\":\"Home\",\"item\":\"https:\/\/es.greenpeace.org\/es\/\"},{\"@type\":\"ListItem\",\"position\":2,\"name\":\"Qui\u00e9nes somos\",\"item\":\"https:\/\/es.greenpeace.org\/es\/quienes-somos\/\"},{\"@type\":\"ListItem\",\"position\":3,\"name\":\"Informes anuales\",\"item\":\"https:\/\/es.greenpeace.org\/es\/quienes-somos\/informes-anuales\/\"},{\"@type\":\"ListItem\",\"position\":4,\"name\":\"Informe anual 2021\",\"item\":\"https:\/\/es.greenpeace.org\/es\/quienes-somos\/informes-anuales\/informe-anual-2021\/\"},{\"@type\":\"ListItem\",\"position\":5,\"name\":\"Cambio clim\u00e1tico: seguimos sin decisiones valientes\"}]},{\"@type\":\"WebSite\",\"@id\":\"https:\/\/es.greenpeace.org\/es\/#website\",\"url\":\"https:\/\/es.greenpeace.org\/es\/\",\"name\":\"Greenpeace Espa\u00f1a\",\"description\":\"\",\"publisher\":{\"@id\":\"https:\/\/es.greenpeace.org\/es\/#organization\"},\"potentialAction\":[{\"@type\":\"SearchAction\",\"target\":{\"@type\":\"EntryPoint\",\"urlTemplate\":\"https:\/\/es.greenpeace.org\/es\/?s={search_term_string}\"},\"query-input\":{\"@type\":\"PropertyValueSpecification\",\"valueRequired\":true,\"valueName\":\"search_term_string\"}}],\"inLanguage\":\"es\"},{\"@type\":\"Organization\",\"@id\":\"https:\/\/es.greenpeace.org\/es\/#organization\",\"name\":\"Greenpeace Espa\u00f1a\",\"alternateName\":\"Greenpeace\",\"url\":\"https:\/\/es.greenpeace.org\/es\/\",\"logo\":{\"@type\":\"ImageObject\",\"inLanguage\":\"es\",\"@id\":\"https:\/\/es.greenpeace.org\/es\/#\/schema\/logo\/image\/\",\"url\":\"https:\/\/es.greenpeace.org\/es\/wp-content\/uploads\/sites\/3\/2024\/07\/greenpeace-logo-verde.svg\",\"contentUrl\":\"https:\/\/es.greenpeace.org\/es\/wp-content\/uploads\/sites\/3\/2024\/07\/greenpeace-logo-verde.svg\",\"width\":1,\"height\":1,\"caption\":\"Greenpeace Espa\u00f1a\"},\"image\":{\"@id\":\"https:\/\/es.greenpeace.org\/es\/#\/schema\/logo\/image\/\"},\"sameAs\":[\"https:\/\/www.facebook.com\/greenpeace.spain\",\"https:\/\/x.com\/greenpeace_esp\",\"https:\/\/www.instagram.com\/greenpeace_esp\/\"]}]}<\/script>\n<!-- \/ Yoast SEO plugin. -->","yoast_head_json":{"title":"Cambio clim\u00e1tico: seguimos sin decisiones valientes - ES | Greenpeace Espa\u00f1a","robots":{"index":"index","follow":"follow","max-snippet":"max-snippet:-1","max-image-preview":"max-image-preview:large","max-video-preview":"max-video-preview:-1"},"canonical":"https:\/\/es.greenpeace.org\/es\/quienes-somos\/informes-anuales\/informe-anual-2021\/cambio-climatico-seguimos-sin-decisiones-valientes\/","og_locale":"es_ES","og_type":"article","og_title":"Cambio clim\u00e1tico: seguimos sin decisiones valientes - ES | Greenpeace Espa\u00f1a","og_description":"La crisis clim\u00e1tica sigui\u00f3 avanzando durante 2021 y los intentos de frenarla siguieron sin ser decididos ni valientes. Pero tambi\u00e9n hubo espacio para la esperanza. &nbsp; En 2021 asistimos a la esperada aprobaci\u00f3n de la Ley de Cambio Clim\u00e1tico y Transici\u00f3n Energ\u00e9tica por parte del Congreso de los Diputados. Una ley que quedaba muy lejos [&hellip;]","og_url":"https:\/\/es.greenpeace.org\/es\/quienes-somos\/informes-anuales\/informe-anual-2021\/cambio-climatico-seguimos-sin-decisiones-valientes\/","og_site_name":"ES | Greenpeace Espa\u00f1a","article_publisher":"https:\/\/www.facebook.com\/greenpeace.spain","og_image":[{"width":1500,"height":998,"url":"https:\/\/es.greenpeace.org\/es\/wp-content\/uploads\/sites\/3\/2022\/06\/calor.jpg","type":"image\/jpeg"}],"twitter_card":"summary_large_image","twitter_site":"@greenpeace_esp","twitter_misc":{"Tiempo de lectura":"1 minuto"},"schema":{"@context":"https:\/\/schema.org","@graph":[{"@type":"WebPage","@id":"https:\/\/es.greenpeace.org\/es\/quienes-somos\/informes-anuales\/informe-anual-2021\/cambio-climatico-seguimos-sin-decisiones-valientes\/","url":"https:\/\/es.greenpeace.org\/es\/quienes-somos\/informes-anuales\/informe-anual-2021\/cambio-climatico-seguimos-sin-decisiones-valientes\/","name":"Cambio clim\u00e1tico: seguimos sin decisiones valientes - ES | Greenpeace Espa\u00f1a","isPartOf":{"@id":"https:\/\/es.greenpeace.org\/es\/#website"},"primaryImageOfPage":{"@id":"https:\/\/es.greenpeace.org\/es\/quienes-somos\/informes-anuales\/informe-anual-2021\/cambio-climatico-seguimos-sin-decisiones-valientes\/#primaryimage"},"image":{"@id":"https:\/\/es.greenpeace.org\/es\/quienes-somos\/informes-anuales\/informe-anual-2021\/cambio-climatico-seguimos-sin-decisiones-valientes\/#primaryimage"},"thumbnailUrl":"https:\/\/es.greenpeace.org\/es\/wp-content\/uploads\/sites\/3\/2022\/06\/calor.jpg","datePublished":"2022-07-04T11:48:42+00:00","breadcrumb":{"@id":"https:\/\/es.greenpeace.org\/es\/quienes-somos\/informes-anuales\/informe-anual-2021\/cambio-climatico-seguimos-sin-decisiones-valientes\/#breadcrumb"},"inLanguage":"es","potentialAction":[{"@type":"ReadAction","target":["https:\/\/es.greenpeace.org\/es\/quienes-somos\/informes-anuales\/informe-anual-2021\/cambio-climatico-seguimos-sin-decisiones-valientes\/"]}]},{"@type":"ImageObject","inLanguage":"es","@id":"https:\/\/es.greenpeace.org\/es\/quienes-somos\/informes-anuales\/informe-anual-2021\/cambio-climatico-seguimos-sin-decisiones-valientes\/#primaryimage","url":"https:\/\/es.greenpeace.org\/es\/wp-content\/uploads\/sites\/3\/2022\/06\/calor.jpg","contentUrl":"https:\/\/es.greenpeace.org\/es\/wp-content\/uploads\/sites\/3\/2022\/06\/calor.jpg","width":1500,"height":998,"caption":"Ola de calor"},{"@type":"BreadcrumbList","@id":"https:\/\/es.greenpeace.org\/es\/quienes-somos\/informes-anuales\/informe-anual-2021\/cambio-climatico-seguimos-sin-decisiones-valientes\/#breadcrumb","itemListElement":[{"@type":"ListItem","position":1,"name":"Home","item":"https:\/\/es.greenpeace.org\/es\/"},{"@type":"ListItem","position":2,"name":"Qui\u00e9nes somos","item":"https:\/\/es.greenpeace.org\/es\/quienes-somos\/"},{"@type":"ListItem","position":3,"name":"Informes anuales","item":"https:\/\/es.greenpeace.org\/es\/quienes-somos\/informes-anuales\/"},{"@type":"ListItem","position":4,"name":"Informe anual 2021","item":"https:\/\/es.greenpeace.org\/es\/quienes-somos\/informes-anuales\/informe-anual-2021\/"},{"@type":"ListItem","position":5,"name":"Cambio clim\u00e1tico: seguimos sin decisiones valientes"}]},{"@type":"WebSite","@id":"https:\/\/es.greenpeace.org\/es\/#website","url":"https:\/\/es.greenpeace.org\/es\/","name":"Greenpeace Espa\u00f1a","description":"","publisher":{"@id":"https:\/\/es.greenpeace.org\/es\/#organization"},"potentialAction":[{"@type":"SearchAction","target":{"@type":"EntryPoint","urlTemplate":"https:\/\/es.greenpeace.org\/es\/?s={search_term_string}"},"query-input":{"@type":"PropertyValueSpecification","valueRequired":true,"valueName":"search_term_string"}}],"inLanguage":"es"},{"@type":"Organization","@id":"https:\/\/es.greenpeace.org\/es\/#organization","name":"Greenpeace Espa\u00f1a","alternateName":"Greenpeace","url":"https:\/\/es.greenpeace.org\/es\/","logo":{"@type":"ImageObject","inLanguage":"es","@id":"https:\/\/es.greenpeace.org\/es\/#\/schema\/logo\/image\/","url":"https:\/\/es.greenpeace.org\/es\/wp-content\/uploads\/sites\/3\/2024\/07\/greenpeace-logo-verde.svg","contentUrl":"https:\/\/es.greenpeace.org\/es\/wp-content\/uploads\/sites\/3\/2024\/07\/greenpeace-logo-verde.svg","width":1,"height":1,"caption":"Greenpeace Espa\u00f1a"},"image":{"@id":"https:\/\/es.greenpeace.org\/es\/#\/schema\/logo\/image\/"},"sameAs":["https:\/\/www.facebook.com\/greenpeace.spain","https:\/\/x.com\/greenpeace_esp","https:\/\/www.instagram.com\/greenpeace_esp\/"]}]}},"_links":{"self":[{"href":"https:\/\/es.greenpeace.org\/es\/wp-json\/wp\/v2\/pages\/43670","targetHints":{"allow":["GET"]}}],"collection":[{"href":"https:\/\/es.greenpeace.org\/es\/wp-json\/wp\/v2\/pages"}],"about":[{"href":"https:\/\/es.greenpeace.org\/es\/wp-json\/wp\/v2\/types\/page"}],"author":[{"embeddable":true,"href":"https:\/\/es.greenpeace.org\/es\/wp-json\/wp\/v2\/users\/58"}],"replies":[{"embeddable":true,"href":"https:\/\/es.greenpeace.org\/es\/wp-json\/wp\/v2\/comments?post=43670"}],"version-history":[{"count":8,"href":"https:\/\/es.greenpeace.org\/es\/wp-json\/wp\/v2\/pages\/43670\/revisions"}],"predecessor-version":[{"id":51502,"href":"https:\/\/es.greenpeace.org\/es\/wp-json\/wp\/v2\/pages\/43670\/revisions\/51502"}],"up":[{"embeddable":true,"href":"https:\/\/es.greenpeace.org\/es\/wp-json\/wp\/v2\/pages\/43750"}],"wp:featuredmedia":[{"embeddable":true,"href":"https:\/\/es.greenpeace.org\/es\/wp-json\/wp\/v2\/media\/43673"}],"wp:attachment":[{"href":"https:\/\/es.greenpeace.org\/es\/wp-json\/wp\/v2\/media?parent=43670"}],"wp:term":[{"taxonomy":"category","embeddable":true,"href":"https:\/\/es.greenpeace.org\/es\/wp-json\/wp\/v2\/categories?post=43670"},{"taxonomy":"post_tag","embeddable":true,"href":"https:\/\/es.greenpeace.org\/es\/wp-json\/wp\/v2\/tags?post=43670"}],"curies":[{"name":"wp","href":"https:\/\/api.w.org\/{rel}","templated":true}]}}