{"id":43694,"date":"2022-07-04T13:49:03","date_gmt":"2022-07-04T11:49:03","guid":{"rendered":"https:\/\/es.greenpeace.org\/es\/?page_id=43694"},"modified":"2022-07-04T13:49:03","modified_gmt":"2022-07-04T11:49:03","slug":"la-crisis-de-biodiversidad-no-tuvo-descanso-en-2021","status":"publish","type":"page","link":"https:\/\/es.greenpeace.org\/es\/quienes-somos\/informes-anuales\/informe-anual-2021\/la-crisis-de-biodiversidad-no-tuvo-descanso-en-2021\/","title":{"rendered":"La crisis de biodiversidad no tuvo descanso en 2021"},"content":{"rendered":"<h4>Como la crisis clim\u00e1tica, la crisis de biodiversidad no tuvo descanso en 2021. En Greenpeace seguimos trabajando para denunciar los s\u00edmbolos de esta destrucci\u00f3n y ponerles fin cuanto antes.<\/h4>\n<p>&nbsp;<\/p>\n<p>En 2021 se produjeron terribles episodios que afectaron directamente a la biodiversidad de nuestros ecosistemas. Incendios como el de <strong>Navalacruz<\/strong> (\u00c1vila), que es ya el cuarto peor incendio de nuestra historia, acabaron con decenas de miles de hect\u00e1reas de bosque. Adem\u00e1s, se siguieron contaminando nuestras aguas con vertidos industriales, como los de la <strong>R\u00eda de Huelva<\/strong>, o agropecuarios, como los t\u00f3xicos nitratos de las <a href=\"https:\/\/es.greenpeace.org\/es\/trabajamos-en\/agricultura\/macrogranjas\/\" target=\"_blank\" rel=\"noopener\"><strong>macrogranjas<\/strong><\/a>.<\/p>\n<p>En este contexto, desde Greenpeace trabajamos para fortalecer nuestros ecosistemas ante las amenazas de la <strong>emergencia clim\u00e1tica<\/strong> y frenar las actividades humanas que est\u00e1n acelerando la p\u00e9rdida de biodiversidad.<\/p>\n","protected":false},"excerpt":{"rendered":"<p>Como la crisis clim\u00e1tica, la crisis de biodiversidad no tuvo descanso en 2021. En Greenpeace seguimos trabajando para denunciar los s\u00edmbolos de esta destrucci\u00f3n y ponerles fin cuanto antes. &nbsp; En 2021 se produjeron terribles episodios que afectaron directamente a la biodiversidad de nuestros ecosistemas. Incendios como el de Navalacruz (\u00c1vila), que es ya el [&hellip;]<\/p>\n","protected":false},"author":58,"featured_media":43695,"parent":43750,"menu_order":0,"comment_status":"closed","ping_status":"closed","template":"template-generic-acf.php","meta":{"_acf_changed":false,"footnotes":""},"categories":[38,36],"tags":[],"class_list":["post-43694","page","type-page","status-publish","has-post-thumbnail","hentry","category-agricultura","category-bosques"],"acf":[],"yoast_head":"<!-- This site is optimized with the Yoast SEO plugin v27.1.1 - https:\/\/yoast.com\/product\/yoast-seo-wordpress\/ -->\n<title>La crisis de biodiversidad no tuvo descanso en 2021 - ES | Greenpeace Espa\u00f1a<\/title>\n<meta name=\"robots\" content=\"index, follow, max-snippet:-1, max-image-preview:large, max-video-preview:-1\" \/>\n<link rel=\"canonical\" href=\"https:\/\/es.greenpeace.org\/es\/quienes-somos\/informes-anuales\/informe-anual-2021\/la-crisis-de-biodiversidad-no-tuvo-descanso-en-2021\/\" \/>\n<meta property=\"og:locale\" content=\"es_ES\" \/>\n<meta property=\"og:type\" content=\"article\" \/>\n<meta property=\"og:title\" content=\"La crisis de biodiversidad no tuvo descanso en 2021 - ES | Greenpeace Espa\u00f1a\" \/>\n<meta property=\"og:description\" content=\"Como la crisis clim\u00e1tica, la crisis de biodiversidad no tuvo descanso en 2021. En Greenpeace seguimos trabajando para denunciar los s\u00edmbolos de esta destrucci\u00f3n y ponerles fin cuanto antes. &nbsp; En 2021 se produjeron terribles episodios que afectaron directamente a la biodiversidad de nuestros ecosistemas. Incendios como el de Navalacruz (\u00c1vila), que es ya el [&hellip;]\" \/>\n<meta property=\"og:url\" content=\"https:\/\/es.greenpeace.org\/es\/quienes-somos\/informes-anuales\/informe-anual-2021\/la-crisis-de-biodiversidad-no-tuvo-descanso-en-2021\/\" \/>\n<meta property=\"og:site_name\" content=\"ES | Greenpeace Espa\u00f1a\" \/>\n<meta property=\"article:publisher\" content=\"https:\/\/www.facebook.com\/greenpeace.spain\" \/>\n<meta property=\"og:image\" content=\"https:\/\/es.greenpeace.org\/es\/wp-content\/uploads\/sites\/3\/2022\/06\/crisis-biodiversidad.jpg\" \/>\n\t<meta property=\"og:image:width\" content=\"1500\" \/>\n\t<meta property=\"og:image:height\" content=\"1000\" \/>\n\t<meta property=\"og:image:type\" content=\"image\/jpeg\" \/>\n<meta name=\"twitter:card\" content=\"summary_large_image\" \/>\n<meta name=\"twitter:site\" content=\"@greenpeace_esp\" \/>\n<meta name=\"twitter:label1\" content=\"Tiempo de lectura\" \/>\n\t<meta name=\"twitter:data1\" content=\"1 minuto\" \/>\n<script type=\"application\/ld+json\" class=\"yoast-schema-graph\">{\"@context\":\"https:\/\/schema.org\",\"@graph\":[{\"@type\":\"WebPage\",\"@id\":\"https:\/\/es.greenpeace.org\/es\/quienes-somos\/informes-anuales\/informe-anual-2021\/la-crisis-de-biodiversidad-no-tuvo-descanso-en-2021\/\",\"url\":\"https:\/\/es.greenpeace.org\/es\/quienes-somos\/informes-anuales\/informe-anual-2021\/la-crisis-de-biodiversidad-no-tuvo-descanso-en-2021\/\",\"name\":\"La crisis de biodiversidad no tuvo descanso en 2021 - ES | Greenpeace Espa\u00f1a\",\"isPartOf\":{\"@id\":\"https:\/\/es.greenpeace.org\/es\/#website\"},\"primaryImageOfPage\":{\"@id\":\"https:\/\/es.greenpeace.org\/es\/quienes-somos\/informes-anuales\/informe-anual-2021\/la-crisis-de-biodiversidad-no-tuvo-descanso-en-2021\/#primaryimage\"},\"image\":{\"@id\":\"https:\/\/es.greenpeace.org\/es\/quienes-somos\/informes-anuales\/informe-anual-2021\/la-crisis-de-biodiversidad-no-tuvo-descanso-en-2021\/#primaryimage\"},\"thumbnailUrl\":\"https:\/\/es.greenpeace.org\/es\/wp-content\/uploads\/sites\/3\/2022\/06\/crisis-biodiversidad.jpg\",\"datePublished\":\"2022-07-04T11:49:03+00:00\",\"breadcrumb\":{\"@id\":\"https:\/\/es.greenpeace.org\/es\/quienes-somos\/informes-anuales\/informe-anual-2021\/la-crisis-de-biodiversidad-no-tuvo-descanso-en-2021\/#breadcrumb\"},\"inLanguage\":\"es\",\"potentialAction\":[{\"@type\":\"ReadAction\",\"target\":[\"https:\/\/es.greenpeace.org\/es\/quienes-somos\/informes-anuales\/informe-anual-2021\/la-crisis-de-biodiversidad-no-tuvo-descanso-en-2021\/\"]}]},{\"@type\":\"ImageObject\",\"inLanguage\":\"es\",\"@id\":\"https:\/\/es.greenpeace.org\/es\/quienes-somos\/informes-anuales\/informe-anual-2021\/la-crisis-de-biodiversidad-no-tuvo-descanso-en-2021\/#primaryimage\",\"url\":\"https:\/\/es.greenpeace.org\/es\/wp-content\/uploads\/sites\/3\/2022\/06\/crisis-biodiversidad.jpg\",\"contentUrl\":\"https:\/\/es.greenpeace.org\/es\/wp-content\/uploads\/sites\/3\/2022\/06\/crisis-biodiversidad.jpg\",\"width\":1500,\"height\":1000},{\"@type\":\"BreadcrumbList\",\"@id\":\"https:\/\/es.greenpeace.org\/es\/quienes-somos\/informes-anuales\/informe-anual-2021\/la-crisis-de-biodiversidad-no-tuvo-descanso-en-2021\/#breadcrumb\",\"itemListElement\":[{\"@type\":\"ListItem\",\"position\":1,\"name\":\"Home\",\"item\":\"https:\/\/es.greenpeace.org\/es\/\"},{\"@type\":\"ListItem\",\"position\":2,\"name\":\"Qui\u00e9nes somos\",\"item\":\"https:\/\/es.greenpeace.org\/es\/quienes-somos\/\"},{\"@type\":\"ListItem\",\"position\":3,\"name\":\"Informes anuales\",\"item\":\"https:\/\/es.greenpeace.org\/es\/quienes-somos\/informes-anuales\/\"},{\"@type\":\"ListItem\",\"position\":4,\"name\":\"Informe anual 2021\",\"item\":\"https:\/\/es.greenpeace.org\/es\/quienes-somos\/informes-anuales\/informe-anual-2021\/\"},{\"@type\":\"ListItem\",\"position\":5,\"name\":\"La crisis de biodiversidad no tuvo descanso en 2021\"}]},{\"@type\":\"WebSite\",\"@id\":\"https:\/\/es.greenpeace.org\/es\/#website\",\"url\":\"https:\/\/es.greenpeace.org\/es\/\",\"name\":\"Greenpeace Espa\u00f1a\",\"description\":\"\",\"publisher\":{\"@id\":\"https:\/\/es.greenpeace.org\/es\/#organization\"},\"potentialAction\":[{\"@type\":\"SearchAction\",\"target\":{\"@type\":\"EntryPoint\",\"urlTemplate\":\"https:\/\/es.greenpeace.org\/es\/?s={search_term_string}\"},\"query-input\":{\"@type\":\"PropertyValueSpecification\",\"valueRequired\":true,\"valueName\":\"search_term_string\"}}],\"inLanguage\":\"es\"},{\"@type\":\"Organization\",\"@id\":\"https:\/\/es.greenpeace.org\/es\/#organization\",\"name\":\"Greenpeace Espa\u00f1a\",\"alternateName\":\"Greenpeace\",\"url\":\"https:\/\/es.greenpeace.org\/es\/\",\"logo\":{\"@type\":\"ImageObject\",\"inLanguage\":\"es\",\"@id\":\"https:\/\/es.greenpeace.org\/es\/#\/schema\/logo\/image\/\",\"url\":\"https:\/\/es.greenpeace.org\/es\/wp-content\/uploads\/sites\/3\/2024\/07\/greenpeace-logo-verde.svg\",\"contentUrl\":\"https:\/\/es.greenpeace.org\/es\/wp-content\/uploads\/sites\/3\/2024\/07\/greenpeace-logo-verde.svg\",\"width\":1,\"height\":1,\"caption\":\"Greenpeace Espa\u00f1a\"},\"image\":{\"@id\":\"https:\/\/es.greenpeace.org\/es\/#\/schema\/logo\/image\/\"},\"sameAs\":[\"https:\/\/www.facebook.com\/greenpeace.spain\",\"https:\/\/x.com\/greenpeace_esp\",\"https:\/\/www.instagram.com\/greenpeace_esp\/\"]}]}<\/script>\n<!-- \/ Yoast SEO plugin. -->","yoast_head_json":{"title":"La crisis de biodiversidad no tuvo descanso en 2021 - ES | Greenpeace Espa\u00f1a","robots":{"index":"index","follow":"follow","max-snippet":"max-snippet:-1","max-image-preview":"max-image-preview:large","max-video-preview":"max-video-preview:-1"},"canonical":"https:\/\/es.greenpeace.org\/es\/quienes-somos\/informes-anuales\/informe-anual-2021\/la-crisis-de-biodiversidad-no-tuvo-descanso-en-2021\/","og_locale":"es_ES","og_type":"article","og_title":"La crisis de biodiversidad no tuvo descanso en 2021 - ES | Greenpeace Espa\u00f1a","og_description":"Como la crisis clim\u00e1tica, la crisis de biodiversidad no tuvo descanso en 2021. En Greenpeace seguimos trabajando para denunciar los s\u00edmbolos de esta destrucci\u00f3n y ponerles fin cuanto antes. &nbsp; En 2021 se produjeron terribles episodios que afectaron directamente a la biodiversidad de nuestros ecosistemas. Incendios como el de Navalacruz (\u00c1vila), que es ya el [&hellip;]","og_url":"https:\/\/es.greenpeace.org\/es\/quienes-somos\/informes-anuales\/informe-anual-2021\/la-crisis-de-biodiversidad-no-tuvo-descanso-en-2021\/","og_site_name":"ES | Greenpeace Espa\u00f1a","article_publisher":"https:\/\/www.facebook.com\/greenpeace.spain","og_image":[{"width":1500,"height":1000,"url":"https:\/\/es.greenpeace.org\/es\/wp-content\/uploads\/sites\/3\/2022\/06\/crisis-biodiversidad.jpg","type":"image\/jpeg"}],"twitter_card":"summary_large_image","twitter_site":"@greenpeace_esp","twitter_misc":{"Tiempo de lectura":"1 minuto"},"schema":{"@context":"https:\/\/schema.org","@graph":[{"@type":"WebPage","@id":"https:\/\/es.greenpeace.org\/es\/quienes-somos\/informes-anuales\/informe-anual-2021\/la-crisis-de-biodiversidad-no-tuvo-descanso-en-2021\/","url":"https:\/\/es.greenpeace.org\/es\/quienes-somos\/informes-anuales\/informe-anual-2021\/la-crisis-de-biodiversidad-no-tuvo-descanso-en-2021\/","name":"La crisis de biodiversidad no tuvo descanso en 2021 - ES | Greenpeace Espa\u00f1a","isPartOf":{"@id":"https:\/\/es.greenpeace.org\/es\/#website"},"primaryImageOfPage":{"@id":"https:\/\/es.greenpeace.org\/es\/quienes-somos\/informes-anuales\/informe-anual-2021\/la-crisis-de-biodiversidad-no-tuvo-descanso-en-2021\/#primaryimage"},"image":{"@id":"https:\/\/es.greenpeace.org\/es\/quienes-somos\/informes-anuales\/informe-anual-2021\/la-crisis-de-biodiversidad-no-tuvo-descanso-en-2021\/#primaryimage"},"thumbnailUrl":"https:\/\/es.greenpeace.org\/es\/wp-content\/uploads\/sites\/3\/2022\/06\/crisis-biodiversidad.jpg","datePublished":"2022-07-04T11:49:03+00:00","breadcrumb":{"@id":"https:\/\/es.greenpeace.org\/es\/quienes-somos\/informes-anuales\/informe-anual-2021\/la-crisis-de-biodiversidad-no-tuvo-descanso-en-2021\/#breadcrumb"},"inLanguage":"es","potentialAction":[{"@type":"ReadAction","target":["https:\/\/es.greenpeace.org\/es\/quienes-somos\/informes-anuales\/informe-anual-2021\/la-crisis-de-biodiversidad-no-tuvo-descanso-en-2021\/"]}]},{"@type":"ImageObject","inLanguage":"es","@id":"https:\/\/es.greenpeace.org\/es\/quienes-somos\/informes-anuales\/informe-anual-2021\/la-crisis-de-biodiversidad-no-tuvo-descanso-en-2021\/#primaryimage","url":"https:\/\/es.greenpeace.org\/es\/wp-content\/uploads\/sites\/3\/2022\/06\/crisis-biodiversidad.jpg","contentUrl":"https:\/\/es.greenpeace.org\/es\/wp-content\/uploads\/sites\/3\/2022\/06\/crisis-biodiversidad.jpg","width":1500,"height":1000},{"@type":"BreadcrumbList","@id":"https:\/\/es.greenpeace.org\/es\/quienes-somos\/informes-anuales\/informe-anual-2021\/la-crisis-de-biodiversidad-no-tuvo-descanso-en-2021\/#breadcrumb","itemListElement":[{"@type":"ListItem","position":1,"name":"Home","item":"https:\/\/es.greenpeace.org\/es\/"},{"@type":"ListItem","position":2,"name":"Qui\u00e9nes somos","item":"https:\/\/es.greenpeace.org\/es\/quienes-somos\/"},{"@type":"ListItem","position":3,"name":"Informes anuales","item":"https:\/\/es.greenpeace.org\/es\/quienes-somos\/informes-anuales\/"},{"@type":"ListItem","position":4,"name":"Informe anual 2021","item":"https:\/\/es.greenpeace.org\/es\/quienes-somos\/informes-anuales\/informe-anual-2021\/"},{"@type":"ListItem","position":5,"name":"La crisis de biodiversidad no tuvo descanso en 2021"}]},{"@type":"WebSite","@id":"https:\/\/es.greenpeace.org\/es\/#website","url":"https:\/\/es.greenpeace.org\/es\/","name":"Greenpeace Espa\u00f1a","description":"","publisher":{"@id":"https:\/\/es.greenpeace.org\/es\/#organization"},"potentialAction":[{"@type":"SearchAction","target":{"@type":"EntryPoint","urlTemplate":"https:\/\/es.greenpeace.org\/es\/?s={search_term_string}"},"query-input":{"@type":"PropertyValueSpecification","valueRequired":true,"valueName":"search_term_string"}}],"inLanguage":"es"},{"@type":"Organization","@id":"https:\/\/es.greenpeace.org\/es\/#organization","name":"Greenpeace Espa\u00f1a","alternateName":"Greenpeace","url":"https:\/\/es.greenpeace.org\/es\/","logo":{"@type":"ImageObject","inLanguage":"es","@id":"https:\/\/es.greenpeace.org\/es\/#\/schema\/logo\/image\/","url":"https:\/\/es.greenpeace.org\/es\/wp-content\/uploads\/sites\/3\/2024\/07\/greenpeace-logo-verde.svg","contentUrl":"https:\/\/es.greenpeace.org\/es\/wp-content\/uploads\/sites\/3\/2024\/07\/greenpeace-logo-verde.svg","width":1,"height":1,"caption":"Greenpeace Espa\u00f1a"},"image":{"@id":"https:\/\/es.greenpeace.org\/es\/#\/schema\/logo\/image\/"},"sameAs":["https:\/\/www.facebook.com\/greenpeace.spain","https:\/\/x.com\/greenpeace_esp","https:\/\/www.instagram.com\/greenpeace_esp\/"]}]}},"_links":{"self":[{"href":"https:\/\/es.greenpeace.org\/es\/wp-json\/wp\/v2\/pages\/43694","targetHints":{"allow":["GET"]}}],"collection":[{"href":"https:\/\/es.greenpeace.org\/es\/wp-json\/wp\/v2\/pages"}],"about":[{"href":"https:\/\/es.greenpeace.org\/es\/wp-json\/wp\/v2\/types\/page"}],"author":[{"embeddable":true,"href":"https:\/\/es.greenpeace.org\/es\/wp-json\/wp\/v2\/users\/58"}],"replies":[{"embeddable":true,"href":"https:\/\/es.greenpeace.org\/es\/wp-json\/wp\/v2\/comments?post=43694"}],"version-history":[{"count":3,"href":"https:\/\/es.greenpeace.org\/es\/wp-json\/wp\/v2\/pages\/43694\/revisions"}],"predecessor-version":[{"id":43714,"href":"https:\/\/es.greenpeace.org\/es\/wp-json\/wp\/v2\/pages\/43694\/revisions\/43714"}],"up":[{"embeddable":true,"href":"https:\/\/es.greenpeace.org\/es\/wp-json\/wp\/v2\/pages\/43750"}],"wp:featuredmedia":[{"embeddable":true,"href":"https:\/\/es.greenpeace.org\/es\/wp-json\/wp\/v2\/media\/43695"}],"wp:attachment":[{"href":"https:\/\/es.greenpeace.org\/es\/wp-json\/wp\/v2\/media?parent=43694"}],"wp:term":[{"taxonomy":"category","embeddable":true,"href":"https:\/\/es.greenpeace.org\/es\/wp-json\/wp\/v2\/categories?post=43694"},{"taxonomy":"post_tag","embeddable":true,"href":"https:\/\/es.greenpeace.org\/es\/wp-json\/wp\/v2\/tags?post=43694"}],"curies":[{"name":"wp","href":"https:\/\/api.w.org\/{rel}","templated":true}]}}